
{"id":300929,"date":"2025-07-01T11:15:26","date_gmt":"2025-07-01T09:15:26","guid":{"rendered":"https:\/\/cpfp.uvigo.gal\/estudos\/titulos-propios\/id1208-1-2\/"},"modified":"2026-04-27T11:16:32","modified_gmt":"2026-04-27T09:16:32","slug":"id1208-1","status":"publish","type":"sigma_course","link":"https:\/\/cpfp.uvigo.gal\/es\/estudios\/titulos-propios\/id1208-1\/","title":{"rendered":"Creaci\u00f3n audiovisual para docencia y divulgaci\u00f3n. Campus Auga"},"content":{"rendered":"<div class=\"entry-thumbnail\">\n<p><img decoding=\"async\" src=\"https:\/\/cpfp.uvigo.gal\/wp-content\/plugins\/uvigo-sigma-courses\/public\/images\/1208-1.jpg\" alt=\"Creaci\u00f3n audiovisual para docencia y divulgaci\u00f3n. Campus Auga\" class=\"img-fluid\"><\/p>\n<\/div>\n<div class=\"row\">\n<div class=\"col-lg-12\">\n<h3>Programas de formaci\u00f3n permanente do profesorado<\/h3>\n<p class=\"header-list\">\u00c1mbito: Interdisciplinar<span class=\"pull-right\">C\u00f3digo: TCS:1208\/1<\/span><br \/>\n\t\t\u00c1rea de inter\u00e9s principal: Transversal | \u00c1rea de inter\u00e9s secundaria: Transversal<\/p>\n<div class=\"custom-block graylight\">\n<div class=\"row\">\n<div class=\"col lg-4\">\n<h3>Inicio y fin<\/h3>\n<p><i class=\"fa fa-calendar\"><\/i> 09\/07\/2025 &#8211; 16\/07\/2025 <\/p>\n<\/p><\/div>\n<div class=\"col lg-3\">\n<h3>Modalidad<\/h3>\n<p>\t\t\t\t\t\t<i class=\"fa fa-user\" aria-hidden=\"true\"><\/i> Presencial\t\t\t\t<\/div>\n<div class=\"col lg-2\">\n<h3>Cr\u00e9ditos ECTS<\/h3>\n<p><i class=\"fa fa-shield\"><\/i> 0.0 ECTS<\/p>\n<\/p><\/div>\n<div class=\"col lg-3\">\n<h3>Estado<\/h3>\n<p><i class=\"fa fa-cogs\" aria-hidden=\"true\"><\/i> Finalizado\t\t\t\t\t<\/p>\n<\/p><\/div>\n<\/p><\/div>\n<\/p><\/div>\n<p class=\"mb-2\"><a class=\"btn btn-outline-primary disabled\" style=\"text-transform:none!important\" href=\"xxxx\" target=\"_blank\">25 plazas<\/a><\/p>\n<\/p><\/div>\n<\/div>\n<p>&nbsp;<\/p>\n<h2>Descripci\u00f3n<\/h2>\n<p>En este curso la actividad formativa busca suministrar al asistente en los conocimientos y t\u00e9cnicas necesarias para la producci\u00f3n de v\u00eddeo y sonido digital, a trav\u00e9s del empleo de herramientas libres, de empleo sencillo y multiplataforma (Windows, iOS y Linux) junto a recursos de publicaci\u00f3n web y streaming\/videoconferecia. <\/p>\n<p>Durante la formaci\u00f3n se ahondar\u00e1 en los fundamentos de la imagen y sonido digital y en la importancia de la estructura y guion en la elaboraci\u00f3n de contenidos audiuovisuales. Se pondr\u00e1n en pr\u00e1ctica t\u00e9cnicas relacionadas con la edici\u00f3n de v\u00eddeo y sonido digital, adem\u00e1s de realizar piezas audiovisuales para colgar en la web.<\/p>\n<p>&nbsp;<\/p>\n<div class=\"row\">\n<div class=\"col-lg-6\">\n<p class=\"header-list\">Director\/a:<\/p>\n<p>Luis Pena Morandeira<\/p>\n<p class=\"header-list\">Tel\u00e9fono contacto:<\/p>\n<p>986 812035<\/p>\n<p class=\"header-list\">Email contacto:<\/p>\n<p>cpfp.innovacion@uvigo.gal<\/p>\n<p class=\"header-list\">Entidad organizadora:<\/p>\n<p>Centro de Posgrado y Formaci\u00f3n Permanente<\/p>\n<\/p><\/div>\n<div class=\"col-lg-6\">\n<div class=\"card\">\n<div class=\"card-body\">\n<p style=\"color:#dc3545\" class=\"header-list\">PER\u00cdODO DE INSCRIPCI\u00d3N<br \/>\n\t\t\t<small>Inscripci\u00f3n cerrada<\/small><br \/>\n\t\t\t01\/07\/2025 &#8211; 08\/07\/2025<\/p>\n<p><\/p>\n<hr \/>\n<p style=\"color:#dc3545\" class=\"header-list\">PER\u00cdODO DE MATR\u00cdCULA<br \/>\n\t\t\t<small>Matr\u00edcula cerrada<\/small><br \/>\n\t\t\t02\/07\/2025 &#8211; 09\/07\/2025<\/p>\n<\/p><\/div>\n<\/p><\/div>\n<p><\/p>\n<p class=\"mb-2\"><a class=\"btn btn-primary btn-icon disabled\" style=\"text-transform:none!important\" href=\"https:\/\/secretaria.uvigo.gal\/uvigo.sv\/index.php?modulo=portalAcademico\" target=\"_blank\" rel=\"noopener noreferrer\">Matr\u00edcula cerrada<\/a><\/p>\n<\/p><\/div>\n<\/div>\n<p>&nbsp;<\/p>\n<p>&nbsp;<\/p>\n<h2>Modalidad<\/h2>\n<div class=\"card\">\n<div class=\"row\">\n<div class=\"col lg-6\">\n<div class=\"card-body\">\n<h3 class=\"card-title\">Docencia presencial\/virtual<\/h3>\n<p style=\"color:green\"><i class=\"fa fa-check-square-o fa-3x\" aria-hidden=\"true\"><\/i><\/p>\n<p>15 horas<\/p>\n<\/p><\/div>\n<\/p><\/div>\n<div class=\"col lg-3\">\n<div class=\"card-body\">\n<h3 class=\"card-title\">Docencia no presencial<\/h3>\n<p><i class=\"fa fa-minus fa-3x\" aria-hidden=\"true\"><\/i><\/p>\n<p>0 horas<\/p>\n<\/p><\/div>\n<\/p><\/div>\n<div class=\"col lg-3\">\n<div class=\"card-body\">\n<h3 class=\"card-title\">Pr\u00e1cticas en empresa<\/h3>\n<p><i class=\"fa fa-minus fa-3x\" aria-hidden=\"true\"><\/i><\/p>\n<p>0 horas<\/p>\n<\/p><\/div>\n<\/p><\/div>\n<\/p><\/div>\n<div class=\"row\">\n<div class=\"col lg-12\">\n<div class=\"card-body\">\n<p><strong>Lugar de impartici\u00f3n<\/strong><br \/>\nAula 2.8 do Edificio Campus Auga, Ourense\t<\/div>\n<\/p><\/div>\n<\/p><\/div>\n<\/div>\n<p>&nbsp;<\/p>\n<h2>Horario<\/h2>\n<p>\t9, 10, 11, 14 e 16 de julio  de 11:00 a 14 :00 horas<\/p>\n<p>&nbsp;<\/p>\n<p>&nbsp;<\/p>\n<h2>Destinatarios<\/h2>\n<p>Esta actividad est\u00e1 destinada al profesorado de la Universidad de Vigo. Tendr\u00e1 preferencia el profesorado que est\u00e9 en el POD de este a\u00f1o acad\u00e9mico.<\/p>\n<p>Si quedan plazas disponibles podr\u00e1n participar otros perfiles de la Universidad de Vigo, bajo el criterio del  \u00c1rea de Formaci\u00f3n e Innovaci\u00f3n Educativa.<\/p>\n<p>&nbsp;<\/p>\n<h2>Criterios de selecci\u00f3n<\/h2>\n<p><p>Tendr\u00e1 preferencia el profesorado que est\u00e9 en el POD de este curso acad\u00e9mico.<\/p>\n<p>Orden de inscripci\u00f3n.<\/p>\n<p>Se quedan plazas disponibles podr\u00e1n participar otros perfiles de la Universidad de Vigo, bajo el criterio del \u00e1rea de Formaci\u00f3n e Innovaci\u00f3n Educativa.<\/p>\n<p>&nbsp;<\/p>\n<h2>Metodolog\u00eda<\/h2>\n<p><div>Tema 1: Par\u00e1metros b\u00e1sicos de la imagen y sonido digital. Equipos de bajo presupuesto para grabaci\u00f3n de v\u00eddeo.<\/div>\n<div>Tema 2: Estructura y guion de v\u00eddeos docentes y divulgativos.<\/div>\n<div>Tema 3: Software OBS (Windows\/Linux\/macOS): grabaci\u00f3n, c\u00e1mara virtual y streaming.<\/div>\n<div>Tema 4: Software Kdenlive (Windows\/Linux): edici\u00f3n y postproducci\u00f3n b\u00e1sica de v\u00eddeo.<\/div>\n<div>Tema 5: Plataformas de publicaci\u00f3n de v\u00eddeos VoD (bajo demanda), streaming web y videoconferencia; tanto de la Universidad de Vigo como externas.<\/div>\n<div>Tema 6: Bancos de recursos gr\u00e1ficos, de v\u00eddeo y son, de empleo libre.<\/div>\n<\/p>\n<p>&nbsp;<\/p>\n<h2>Profesorado<\/h2>\n<p>Luis Pena Morandeira<\/p>\n<div>\n<table id=\"sortableTable3\" style=\"margin: 11px auto;border-spacing: 1px;text-align: center;width: 1677.4px;, sans-serif\">\n<tbody>\n<tr style=\"font-size: 11px;height: 20px\">\n<td><\/td>\n<\/tr>\n<\/tbody>\n<\/table>\n<\/div>\n<p>&nbsp;<\/p>\n<h2>Evaluaci\u00f3n<\/h2>\n<p><div>Asistencia m\u00ednima requerida al 80% de las sesiones.<\/div>\n<div><\/div>\n<div> <\/div>\n<div>Dos actividades:<\/div>\n<div>V\u00eddeo 1: realizado con OBS, duraci\u00f3n m\u00ednima de 30 segundos.<\/div>\n<div>V\u00eddeo 2: realizado con OpenShot duraci\u00f3n m\u00ednima 30 segundos.<\/div>\n<\/p>\n<p>&nbsp;<\/p>\n","protected":false},"featured_media":0,"parent":0,"template":"","meta":{"_monsterinsights_skip_tracking":false,"_monsterinsights_sitenote_active":false,"_monsterinsights_sitenote_note":"","_monsterinsights_sitenote_category":0},"class_list":["post-300929","sigma_course","type-sigma_course","status-publish","hentry"],"_links":{"self":[{"href":"https:\/\/cpfp.uvigo.gal\/es\/wp-json\/wp\/v2\/sigma_course\/300929","targetHints":{"allow":["GET"]}}],"collection":[{"href":"https:\/\/cpfp.uvigo.gal\/es\/wp-json\/wp\/v2\/sigma_course"}],"about":[{"href":"https:\/\/cpfp.uvigo.gal\/es\/wp-json\/wp\/v2\/types\/sigma_course"}],"wp:attachment":[{"href":"https:\/\/cpfp.uvigo.gal\/es\/wp-json\/wp\/v2\/media?parent=300929"}],"curies":[{"name":"wp","href":"https:\/\/api.w.org\/{rel}","templated":true}]}}