
{"id":301115,"date":"2026-04-15T12:21:02","date_gmt":"2026-04-15T10:21:02","guid":{"rendered":"https:\/\/cpfp.uvigo.gal\/estudos\/titulos-propios\/id1291-1-2\/"},"modified":"2026-04-27T11:17:04","modified_gmt":"2026-04-27T09:17:04","slug":"id1291-1","status":"publish","type":"sigma_course","link":"https:\/\/cpfp.uvigo.gal\/es\/estudios\/titulos-propios\/id1291-1\/","title":{"rendered":"Linkedin Accelerator. Posicionamiento y autoridad profesional"},"content":{"rendered":"<div class=\"entry-thumbnail\">\n<p><img decoding=\"async\" src=\"https:\/\/cpfp.uvigo.gal\/wp-content\/plugins\/uvigo-sigma-courses\/public\/images\/1291-1.jpg\" alt=\"Linkedin Accelerator. Posicionamiento y autoridad profesional\" class=\"img-fluid\"><\/p>\n<\/div>\n<div class=\"row\">\n<div class=\"col-lg-12\">\n<h3>Microcredenciales<\/h3>\n<p class=\"header-list\">\u00c1mbito: Enxe\u00f1er\u00eda inform\u00e1tica e de sistemas<span class=\"pull-right\">C\u00f3digo: TCS:1291\/1<\/span><br \/>\n\t\t\u00c1rea de inter\u00e9s principal: Tecnolox\u00eda | \u00c1rea de inter\u00e9s secundaria: Transversal<\/p>\n<div class=\"custom-block graylight\">\n<div class=\"row\">\n<div class=\"col lg-4\">\n<h3>Inicio y fin<\/h3>\n<p><i class=\"fa fa-calendar\"><\/i> 06\/05\/2026 &#8211; 29\/05\/2026 <\/p>\n<\/p><\/div>\n<div class=\"col lg-3\">\n<h3>Modalidad<\/h3>\n<p>\t\t\t\t\t\t<i class=\"fa fa-laptop\" aria-hidden=\"true\"><\/i> As\u00edncrona (en l\u00ednea)\t\t\t\t<\/div>\n<div class=\"col lg-2\">\n<h3>Cr\u00e9ditos ECTS<\/h3>\n<p><i class=\"fa fa-shield\"><\/i> 6.0 ECTS<\/p>\n<\/p><\/div>\n<div class=\"col lg-3\">\n<h3>Estado<\/h3>\n<p><i class=\"fa fa-cogs\" aria-hidden=\"true\"><\/i> Pr\u00f3ximamente\t\t\t\t\t<\/p>\n<\/p><\/div>\n<\/p><\/div>\n<\/p><\/div>\n<p class=\"mb-2\"><a class=\"btn btn-outline-primary disabled\" style=\"text-transform:none!important\" href=\"xxxx\" target=\"_blank\">300 plazas<\/a><\/p>\n<\/p><\/div>\n<\/div>\n<p>&nbsp;<\/p>\n<h2>Descripci\u00f3n<\/h2>\n<p>La presente microcredencial tiene como finalidad capacitar al estudiantado en el dise\u00f1o e implementaci\u00f3n de estrategias avanzadas de posicionamiento profesional y generaci\u00f3n de negocio en el entorno de LinkedIn, con especial enfoque en servicios y propuestas de valor high-ticket.<\/p>\n<p>El programa aborda, de forma estructurada e integrada, los fundamentos de autoridad digital, social selling y diferenciaci\u00f3n estrat\u00e9gica, incluyendo la definici\u00f3n de nichos y subnichos especializados, as\u00ed como la construcci\u00f3n de propuestas de valor orientadas asegmentos premium. De esta forma, el alumnado del curso podr\u00e1 trabajar t\u00e9cnicas de optimizaci\u00f3n de perfil profesional y copywriting persuasivo orientado a conversi\u00f3n, junto con el dise\u00f1o de estrategias de contenido de autoridad apoyadas en principios de SEO adaptados a LinkedIn.<\/p>\n<p>La microcredencial incorpora metodolog\u00edas originales de atracci\u00f3n y ventas inbound (m\u00e9todo VNC), sistemas de prospecci\u00f3n y captaci\u00f3n mediante secuencias de contacto en LinkedIn y correo electr\u00f3nico, as\u00ed como la gesti\u00f3n integral del proceso comercial: reuniones, tratamiento de objeciones, seguimiento estrat\u00e9gico y cierre de ventas.<\/p>\n<p>Finalmente, se integra en el curso el uso aplicado de herramientas de inteligencia artificial para la creaci\u00f3n y automatizaci\u00f3n de contenidos, junto con estrategias de escalado basadas en networking, referral marketing y growth, con el objetivo de que el alumnado sea capaz de construir sistemas sostenibles y replicables de generaci\u00f3n de oportunidades de alto valor mediante Linkedin.<\/p>\n<p>Consulta m\u00e1s abajo el apartado \u00abObservaci\u00f3n a los precios\u00bb. Existe subvenci\u00f3n del 70% para personas entre 25 y 64 a\u00f1os y becas del 100% para personas que adem\u00e1s sean desempleadas, discapacitadas o violencia de g\u00e9nero acreditada.<\/p>\n<p>&nbsp;<\/p>\n<div class=\"row\">\n<div class=\"col-lg-6\">\n<p class=\"header-list\">Director\/a:<\/p>\n<p>Francisco Javier Rodr\u00edguez Mart\u00ednez<\/p>\n<p class=\"header-list\">Tel\u00e9fono contacto:<\/p>\n<p>986130304, 630204533<\/p>\n<p class=\"header-list\">Email contacto:<\/p>\n<p>franjrm@uvigo.es; info@linkedinaccelerator.io<\/p>\n<p class=\"header-list\">Entidad organizadora:<\/p>\n<p>Centro de Posgrado y Formaci\u00f3n Permanente<\/p>\n<\/p><\/div>\n<div class=\"col-lg-6\">\n<div class=\"card\">\n<div class=\"card-body\">\n<p style=\"color:#dc3545\" class=\"header-list\">PER\u00cdODO DE INSCRIPCI\u00d3N<br \/>\n\t\t\t<small>Inscripci\u00f3n cerrada<\/small><br \/>\n\t\t\t09\/03\/2026 &#8211; 16\/04\/2026<\/p>\n<p><\/p>\n<hr \/>\n<p style=\"color:#dc3545\" class=\"header-list\">PER\u00cdODO DE MATR\u00cdCULA<br \/>\n\t\t\t<small>Matr\u00edcula cerrada<\/small><br \/>\n\t\t\t27\/03\/2026 &#8211; 17\/04\/2026<\/p>\n<\/p><\/div>\n<\/p><\/div>\n<p><\/p>\n<p class=\"mb-2\"><a class=\"btn btn-primary btn-icon disabled\" style=\"text-transform:none!important\" href=\"https:\/\/secretaria.uvigo.gal\/uvigo.sv\/index.php?modulo=portalAcademico\" target=\"_blank\" rel=\"noopener noreferrer\">Matr\u00edcula cerrada<\/a><\/p>\n<\/p><\/div>\n<\/div>\n<p>&nbsp;<\/p>\n<h2>Colaboradores<\/h2>\n<div class=\"row\">\n<div class=\"col-sm-12 col-md-12 col-lg-12\" style=\"text-align:center\">\n\t\t\t  \t<a href=\"www.cpeig.gal\"><br \/>\n\t\t\t  \t\t<img decoding=\"async\" style=\"width: 30%;height: auto;object-fit: cover\" src=\"https:\/\/uvigodb.webs8.uvigo.es\/public\/images\/sigma_courses_pictures\/logos\/\/logos\/\/logos\/\/logos\/\/logos\/\/logos\/\/logos\/\/logos\/\/logos\/\/logos\/\/logos\/\/logos\/\/logos\/\/logos\/\/logos\/\/logos\/\/logos\/\/logos\/\/logos\/\/logos\/logo_cpeig_color.png\" alt=\"Colegio Profesional de INgenier\u00eda Informatica\"><br \/>\n\t\t\t  \t<\/a><\/p>\n<div style=\"text-align: center;color: #202020;font-weight: 300;margin-top: 10px;font-size: 1rem\">\n\t\t\t  \t\t<a href=\"www.cpeig.gal\" target=\"_blank\"><br \/>\n\t\t\t  \t\t\tColegio Profesional de INgenier\u00eda Informatica\t\t\t  \t\t<\/a>\n\t\t\t  \t<\/div>\n<\/p><\/div>\n<\/p><\/div>\n<p>&nbsp;<\/p>\n<h2>Modalidad<\/h2>\n<div class=\"card\">\n<div class=\"row\">\n<div class=\"col lg-6\">\n<div class=\"card-body\">\n<h3 class=\"card-title\">Docencia presencial\/virtual<\/h3>\n<p style=\"color:green\"><i class=\"fa fa-check-square-o fa-3x\" aria-hidden=\"true\"><\/i><\/p>\n<p>61 horas<\/p>\n<\/p><\/div>\n<\/p><\/div>\n<div class=\"col lg-3\">\n<div class=\"card-body\">\n<h3 class=\"card-title\">Docencia no presencial<\/h3>\n<p><i class=\"fa fa-minus fa-3x\" aria-hidden=\"true\"><\/i><\/p>\n<p>0 horas<\/p>\n<\/p><\/div>\n<\/p><\/div>\n<div class=\"col lg-3\">\n<div class=\"card-body\">\n<h3 class=\"card-title\">Pr\u00e1cticas en empresa<\/h3>\n<p><i class=\"fa fa-minus fa-3x\" aria-hidden=\"true\"><\/i><\/p>\n<p>0 horas<\/p>\n<\/p><\/div>\n<\/p><\/div>\n<\/p><\/div>\n<div class=\"row\">\n<div class=\"col lg-12\">\n<div class=\"card-body\">\n<p><strong>Lugar de impartici\u00f3n<\/strong><br \/>\nPlataforma de teleformaci\u00f3n Moovi\t<\/div>\n<\/p><\/div>\n<\/p><\/div>\n<\/div>\n<p>&nbsp;<\/p>\n<h2>Horario<\/h2>\n<p>\tOnline e as\u00edncrono, a tu ritmo<\/p>\n<p>&nbsp;<\/p>\n<p>&nbsp;<\/p>\n<h2>Precios<\/h2>\n<table style=\"margin-left:0px\" cellpadding=\"0\" cellspacing=\"0\">\n<thead>\n<tr>\n<th scope=\"col\" width=\"33%\">P\u00fablico en general<\/th>\n<th scope=\"col\" width=\"33%\">Alumni UVigo<\/th>\n<th scope=\"col\" width=\"34%\">Comunidad UVigo<\/th>\n<\/tr>\n<\/thead>\n<tbody>\n<tr>\n<td>564 \u20ac<\/td>\n<td>507.6 \u20ac<\/td>\n<td>479.4 \u20ac<\/td>\n<\/tr>\n<\/tbody>\n<\/table>\n<p><strong>Observaciones a los precios<\/strong><\/p>\n<p><font color=\"#ff0000\"><span style=\"font-size: 18px\"><b>Precio final una vez aplicada la subvenci\u00f3n<\/b><\/span><b><span style=\"font-size: 18px\">: 169,2 euros<\/span><\/b><\/font> (*)<\/p>\n<p>*Corresponde al precio final una vez aplicado el 70% de descuento para personas entre 25 y 64 a\u00f1os gracias al \u201cPlan de desenvolvemento de microcredenciais universitarias\u201d. Subvenci\u00f3n recibida de la Xunta de Galicia seg\u00fan el convenio de colaboraci\u00f3n firmado el pasado 2 de mayo entre la Conseller\u00eda de Educaci\u00f3n, Ciencia, Universidades y Formaci\u00f3n profesional y las universidades gallegas. Fondos del Ministerio de Ciencia, Innovaci\u00f3n y Universidades. Plan de Recuperaci\u00f3n, Transformaci\u00f3n y Resiliencia \u2013 Financiado por la Uni\u00f3n Europea \u2013 NextGenerationEU<\/p>\n<p><font color=\"#ff0000\"><span style=\"font-size: 18px\"><b>Beca Microcredenciales Xunta 2025\/26. Ayuda del 100%<\/b><\/span><\/font>&nbsp;(**)<\/p>\n<p>**Ayudas del 100% para personas desempleadas, discapacitadas o violencia de g\u00e9nero acreditada (siempre que tengan entre 25 y 64 a\u00f1os). Solic\u00edtala antes del 27 de abril. <a href=\"https:\/\/secretaria.uvigo.gal\/uv\/web\/convocatoria\/public\/show\/1821\" target=\"_blank\">Consulta la convocatoria.<\/a><\/p>\n<\/p>\n<p>&nbsp;<\/p>\n<h2>Objetivos<\/h2>\n<p>\tEl objetivo principal del proyecto es capacitar a los profesionales para que dominen las estrategias avanzadas de LinkedIn, construyendo autoridad en su sector y generando oportunidades de negocio de alto valor mediante t\u00e9cnicas de posicionamiento, creaci\u00f3n de contenido optimizado, prospecci\u00f3n high-ticket y uso estrat\u00e9gico de la inteligencia artificial.\t<\/p>\n<p>&nbsp;<\/p>\n<h2>Destinatarios<\/h2>\n<p>\tProfesionales de la ingenier\u00eda y de cualquier otro \u00e1mbito en el que se emplee LinkedIn como herramienta\t<\/p>\n<p>&nbsp;<\/p>\n<h2>Salidas Profesionales<\/h2>\n<p>Al finalizar la microcredencial, el alumnado ser\u00e1 capaz de dise\u00f1ar, implementar y optimizar estrategias avanzadas de posicionamiento profesional y generaci\u00f3n de negocio en LinkedIn, especialmente orientadas a servicios y propuestas de valor high-ticket.<\/p>\n<p>En particular, el perfil de egreso se caracterizar\u00e1 por:<\/p>\n<ul class=\"list-peak\" style=\"margin-top:10px\">\n<li>La capacidad de definir nichos y subnichos especializados, as\u00ed como de construir propuestas de valor diferenciadas orientadas a segmentos premium.<\/li>\n<li>El dominio de t\u00e9cnicas de optimizaci\u00f3n de perfil profesional y copywriting persuasivo orientado a conversi\u00f3n.<\/li>\n<li>La competencia para dise\u00f1ar y ejecutar estrategias de contenido de autoridad, aplicando principios de SEO adaptados al entorno de LinkedIn.<\/li>\n<li>La aplicaci\u00f3n de metodolog\u00edas estructuradas de atracci\u00f3n y ventas inbound (m\u00e9todo VNC), integrando sistemas de prospecci\u00f3n y captaci\u00f3n mediante secuencias de contacto en LinkedIn y correo electr\u00f3nico.<\/li>\n<li>La gesti\u00f3n integral del proceso comercial, incluyendo la preparaci\u00f3n y conducci\u00f3n de reuniones, el tratamiento de objeciones, el seguimiento estrat\u00e9gico y el cierre de ventas.<\/li>\n<li>El uso aplicado de herramientas de inteligencia artificial para la creaci\u00f3n, optimizaci\u00f3n y automatizaci\u00f3n de contenidos y procesos de captaci\u00f3n.<\/li>\n<li>La capacidad de escalar la visibilidad y la generaci\u00f3n de oportunidades mediante estrategias de networking, referral marketing y t\u00e9cnicas de growth.<\/li>\n<\/ul>\n<p>Estas competencias permitir\u00e1n al alumnado desarrollar sistemas sostenibles y replicables decaptaci\u00f3n y conversi\u00f3n de oportunidades de alto valor en el \u00e1mbito profesional digital.<\/p>\n<p>&nbsp;<\/p>\n<h2>Idioma<\/h2>\n<p>Castellano 100%<\/p>\n<p>&nbsp;<\/p>\n<h2>Competencias Espec\u00edficas<\/h2>\n<p>CE1 Dise\u00f1ar e implementar estrategias de posicionamiento y autoridad profesional en LinkedIn.<\/p>\n<p>CE2 Optimizar perfiles de LinkedIn para maximizar conversi\u00f3n y generaci\u00f3n de oportunidades comerciales.<\/p>\n<p>CE3 Crear contenido de autoridad adaptado al algoritmo de LinkedIn y al p\u00fablico objetivo B2B.<\/p>\n<p>CE4 Aplicar t\u00e9cnicas de prospecci\u00f3n high-ticket y cierre comercial en entornos digitales profesionales.<\/p>\n<p>CE5 Utilizar herramientas de inteligencia artificial para automatizar y escalar la presencia en LinkedIn.<\/p>\n<p>&nbsp;<\/p>\n<h2>Competencias Transversales<\/h2>\n<p>CT1 Capacidad de comunicaci\u00f3n efectiva en entornos profesionales digitales.<\/p>\n<p>CT2 Pensamiento estrat\u00e9gico y planificaci\u00f3n a largo plazo para el desarrollo profesional.<\/p>\n<p>CT3 Adaptaci\u00f3n a nuevas tecnolog\u00edas y herramientas digitales en constante evoluci\u00f3n.<\/p>\n<p>CT4 Trabajo aut\u00f3nomo y gesti\u00f3n eficaz del tiempo y recursos.<\/p>\n<p>CT5 Capacidad anal\u00edtica para interpretaci\u00f3n de m\u00e9tricas, datos y resultados comerciales.<\/p>\n<p>&nbsp;<\/p>\n<h2>Condiciones de acceso<\/h2>\n<p>\tDocumentaci\u00f3n requerida para el acceso: Documento de identificaci\u00f3n\t<\/p>\n<p>&nbsp;<\/p>\n<h2>Metodolog\u00eda<\/h2>\n<ul class=\"list-peak\" style=\"margin-top:10px\">\n<li>Posicionamiento &amp; autoridad<\/li>\n<li>Perfil que Vende<\/li>\n<li>Contenido de autoridad<\/li>\n<li>M\u00e9todo VNC<\/li>\n<li>Inteligencia Artificial para LinkedIn<\/li>\n<li>Prospecci\u00f3n High-Ticket<\/li>\n<li>Gesti\u00f3n de reuniones y cierre comercial<\/li>\n<li>Escalamiento y networking<\/li>\n<\/ul>\n<p>&nbsp;<\/p>\n<h2>Asignaturas<\/h2>\n<table style=\"margin-left:0px\" cellpadding=\"0\" cellspacing=\"0\">\n<thead>\n<tr>\n<th scope=\"col\">id<\/th>\n<th scope=\"col\">nombre<\/th>\n<th scope=\"col\">caracter<\/th>\n<th scope=\"col\">cr\u00e9ditos<\/th>\n<\/tr>\n<\/thead>\n<tbody>\n<tr>\n<td>200752<\/td>\n<td>Posicionamiento y Autoridad (parte 1)<\/td>\n<td>Obligatoria<\/td>\n<td>3.0<\/td>\n<\/tr>\n<tr>\n<td>200753<\/td>\n<td>Posicionamiento y Autoridad (parte 2)<\/td>\n<td>Obligatoria<\/td>\n<td>3.0<\/td>\n<\/tr>\n<\/tbody>\n<\/table>\n<p>&nbsp;<\/p>\n<h2>Profesorado<\/h2>\n<ul class=\"list-peak\" style=\"margin-top:10px\">\n<li>Francisco Javier, Rodr\u00edguez Mart\u00ednez, profesorado de la UVigo<\/li>\n<li>Lorena Otero Cerdeira, profesorado de la&nbsp;&nbsp;UVigo<\/li>\n<li>Celard P\u00e9rez Pedro, profesoradode la&nbsp;&nbsp;UVigo<\/li>\n<li>Adri\u00e1n Seara Vieira, profesorado de la UVigo<\/li>\n<li>Mart\u00edn Arosa Otero, CEO de ZipGenial<\/li>\n<li>\u00c1ngel Novelle Reyes, COO en ZipGenial&nbsp;<\/li>\n<li>Jaime Estevez Ezama, fundador y CEO de TheTruth<\/li>\n<\/ul>\n<p>&nbsp;<\/p>\n<h2>Evaluaci\u00f3n<\/h2>\n<p>La evaluaci\u00f3n se realizar\u00e1 mediante la superaci\u00f3n de pruebas de evaluaci\u00f3n al finalizar cada uno de los contenidos del programa. Estas pruebas incluir\u00e1n peque\u00f1os ejercicios pr\u00e1cticos de aplicaci\u00f3n de los conocimientos adquiridos en cada apartado que se integrar\u00e1 en un caso final.<\/p>\n<p>&nbsp;<\/p>\n<h2>Titulaci\u00f3n<\/h2>\n<p>T\u00edtulo en la Microcredencial \u00abLinkedIn Accelerator. Posicionamiento y Autoridad Profesional\u00bb<\/p>\n<p>&nbsp;<\/p>\n","protected":false},"featured_media":0,"parent":0,"template":"","meta":{"_monsterinsights_skip_tracking":false,"_monsterinsights_sitenote_active":false,"_monsterinsights_sitenote_note":"","_monsterinsights_sitenote_category":0},"class_list":["post-301115","sigma_course","type-sigma_course","status-publish","hentry"],"_links":{"self":[{"href":"https:\/\/cpfp.uvigo.gal\/es\/wp-json\/wp\/v2\/sigma_course\/301115","targetHints":{"allow":["GET"]}}],"collection":[{"href":"https:\/\/cpfp.uvigo.gal\/es\/wp-json\/wp\/v2\/sigma_course"}],"about":[{"href":"https:\/\/cpfp.uvigo.gal\/es\/wp-json\/wp\/v2\/types\/sigma_course"}],"wp:attachment":[{"href":"https:\/\/cpfp.uvigo.gal\/es\/wp-json\/wp\/v2\/media?parent=301115"}],"curies":[{"name":"wp","href":"https:\/\/api.w.org\/{rel}","templated":true}]}}