
{"id":47263,"date":"2021-05-05T09:45:15","date_gmt":"2021-05-05T07:45:15","guid":{"rendered":"http:\/\/eafp.uvigo.gal\/?page_id=47263"},"modified":"2021-09-02T10:26:03","modified_gmt":"2021-09-02T08:26:03","slug":"dixitais","status":"publish","type":"page","link":"https:\/\/cpfp.uvigo.gal\/gl\/estudos\/formacion-e-innovacion-educativa\/gid\/dixitais\/","title":{"rendered":"Dixitais"},"content":{"rendered":"<p><img decoding=\"async\" src=\"\/wp-content\/plugins\/uvigo-teaching\/public\/images\/logo\/curso.jpg\" \/><\/p>\n<h3>Grupo de Innovaci\u00f3n Docente<\/h3>\n<p class=\"header-list\">\n<p>&nbsp;<\/p>\n<h2>Descrici\u00f3n<\/h2>\n<p>No 2016 comezou a actividade de DIXITAIS, Grupo de Innovaci\u00f3n Docente da Universidade de Vigo. Neste tempo centr\u00e1monos na experimentaci\u00f3n coa integraci\u00f3n da tecnolox\u00eda na docencia para a mellora da aprendizaxe e da competencia dixital do noso alumnado, pero tam\u00e9n na investigaci\u00f3n sobre distintos aspectos da nosa vida e identidade no mundo dixital.<\/p>\n<p>&nbsp;<\/p>\n<div class=\"row\">\n<div class=\"col-lg-6\">\n<p class=\"header-list\">Coordinador\/a<\/p>\n<p><a href=\"https:\/\/www.uvigo.gal\/universidade\/administracion-persoal\/pdi\/alberto-dafonte-gomez\" target=\"_blank\" rel=\"noopener noreferrer\">Alberto Dafonte G\u00f3mez<\/a><\/p>\n<p>986 801 691 | <a href=\"mailto:albertodafonte@uvigo.es\">albertodafonte@uvigo.es<\/a><\/p>\n<\/div>\n<div class=\"col-lg-6\">\n<p class=\"header-list\">P\u00e1xina web<\/p>\n<p class=\"mb-2\"><a class=\"btn btn-primary btn-icon\" style=\"text-transform: none!important;\" href=\"http:\/\/dixitais.webs.uvigo.es\/\" target=\"_blank\" rel=\"noopener noreferrer\">Web do GID<\/a><\/p>\n<\/div>\n<\/div>\n<p>&nbsp;<\/p>\n<h2>Obxectivos<\/h2>\n<ul class=\"list-peak\">\n<li>Identificar, desenvolver e implantar metodolox\u00edas concretas de aprendizaxe participativa que demostren ser especialmente efectivas na formaci\u00f3n do alumnado.<\/li>\n<li>Desenvolver contidos did\u00e1cticos innovadores en soportes dixitais que fagan a experiencia formativa m\u00e1is rica para o alumnado e favorezan a s\u00faa implicaci\u00f3n na aprendizaxe.<\/li>\n<li>Identificar e experimentar con ferramentas de creaci\u00f3n de contidos dixitais e participativos que poidan ser susceptibles de uso polo conxunto do profesorado universitario de xeito sinxelo e alcanzable.<\/li>\n<li>Po\u00f1er a disposici\u00f3n da comunidade universitaria o co\u00f1ecemento adquirido en metodolox\u00edas, elaboraci\u00f3n de contidos e ferramentas para a mellora da actividade docente.<\/li>\n<\/ul>\n<p>&nbsp;<\/p>\n<h2>Participantes<\/h2>\n<div class=\"row\">\n<div class=\"col lg-6\">\n<ul class=\"list-peak\">\n<li>Juan Manuel Corbacho Valencia.<\/li>\n<li>Oswaldo Garc\u00eda Crespo.<\/li>\n<li>Silvia Garc\u00eda Mir\u00f3n.<\/li>\n<li>Lu\u00eds Xabier Mart\u00ednez Rol\u00e1n.<\/li>\n<li>Mar\u00eda Isabel M\u00edguez Gonz\u00e1lez.<\/li>\n<li>Diana Ramah\u00ed Garc\u00eda.<\/li>\n<li>Emma Torres Romay.<\/li>\n<li>Jabier Abu\u00edn Penas.<\/li>\n<\/ul>\n<\/div>\n<\/div>\n","protected":false},"excerpt":{"rendered":"<p>Grupo de Innovaci\u00f3n Docente &nbsp; Descrici\u00f3n No 2016 comezou a actividade de DIXITAIS, Grupo de Innovaci\u00f3n Docente da Universidade de Vigo. Neste tempo centr\u00e1monos na &hellip; <a class=\"excerpt_more\" href=\"https:\/\/cpfp.uvigo.gal\/gl\/estudos\/formacion-e-innovacion-educativa\/gid\/dixitais\/\">Continuar<\/a><\/p>\n","protected":false},"author":2,"featured_media":0,"parent":35329,"menu_order":9,"comment_status":"closed","ping_status":"closed","template":"views\/template-fullwidth.blade.php","meta":{"_monsterinsights_skip_tracking":false,"_monsterinsights_sitenote_active":false,"_monsterinsights_sitenote_note":"","_monsterinsights_sitenote_category":0,"footnotes":""},"class_list":["post-47263","page","type-page","status-publish","hentry"],"_links":{"self":[{"href":"https:\/\/cpfp.uvigo.gal\/gl\/wp-json\/wp\/v2\/pages\/47263","targetHints":{"allow":["GET"]}}],"collection":[{"href":"https:\/\/cpfp.uvigo.gal\/gl\/wp-json\/wp\/v2\/pages"}],"about":[{"href":"https:\/\/cpfp.uvigo.gal\/gl\/wp-json\/wp\/v2\/types\/page"}],"author":[{"embeddable":true,"href":"https:\/\/cpfp.uvigo.gal\/gl\/wp-json\/wp\/v2\/users\/2"}],"replies":[{"embeddable":true,"href":"https:\/\/cpfp.uvigo.gal\/gl\/wp-json\/wp\/v2\/comments?post=47263"}],"version-history":[{"count":0,"href":"https:\/\/cpfp.uvigo.gal\/gl\/wp-json\/wp\/v2\/pages\/47263\/revisions"}],"up":[{"embeddable":true,"href":"https:\/\/cpfp.uvigo.gal\/gl\/wp-json\/wp\/v2\/pages\/35329"}],"wp:attachment":[{"href":"https:\/\/cpfp.uvigo.gal\/gl\/wp-json\/wp\/v2\/media?parent=47263"}],"curies":[{"name":"wp","href":"https:\/\/api.w.org\/{rel}","templated":true}]}}