
{"id":300512,"date":"2026-04-22T13:05:24","date_gmt":"2026-04-22T11:05:24","guid":{"rendered":"https:\/\/cpfp.uvigo.gal\/estudos\/titulos-propios\/id1312-1\/"},"modified":"2026-04-22T13:05:24","modified_gmt":"2026-04-22T11:05:24","slug":"id1312-1","status":"publish","type":"sigma_course","link":"https:\/\/cpfp.uvigo.gal\/gl\/estudos\/titulos-propios\/id1312-1\/","title":{"rendered":"Internacionalizaci\u00f3n en casa: o enfoque COIL e clases espello (Collaborative Online International Learning)"},"content":{"rendered":"<div class=\"entry-thumbnail\">\n<p><img decoding=\"async\" src=\"https:\/\/cpfp.uvigo.gal\/wp-content\/plugins\/uvigo-sigma-courses\/public\/images\/1312-1.jpg\" alt=\"Internacionalizaci\u00f3n en casa: o enfoque COIL e clases espello (Collaborative Online International Learning)\" class=\"img-fluid\"><\/p>\n<\/div>\n<div class=\"row\">\n<div class=\"col-lg-12\">\n<h3>Programas de formaci\u00f3n permanente do profesorado<\/h3>\n<p class=\"header-list\">\u00c1mbito: Interdisciplinar<span class=\"pull-right\">C\u00f3digo: TCS:1312\/1<\/span><br \/>\n\t\t\u00c1rea de interese principal: Transversal | \u00c1rea de interese secundaria: Transversal<\/p>\n<div class=\"custom-block graylight\">\n<div class=\"row\">\n<div class=\"col lg-4\">\n<h3>Inicio e fin<\/h3>\n<p><i class=\"fa fa-calendar\"><\/i> 11\/05\/2026 &#8211; 13\/05\/2026 <\/p>\n<\/p><\/div>\n<div class=\"col lg-3\">\n<h3>Modalidade<\/h3>\n<p>\t\t\t\t\t\t<i class=\"fa fa-user\" aria-hidden=\"true\"><\/i> Presencial\t\t\t\t<\/div>\n<div class=\"col lg-2\">\n<h3>Cr\u00e9ditos ECTS<\/h3>\n<p><i class=\"fa fa-shield\"><\/i> 0.0 ECTS<\/p>\n<\/p><\/div>\n<div class=\"col lg-3\">\n<h3>Estado<\/h3>\n<\/p><\/div>\n<\/p><\/div>\n<\/p><\/div>\n<p class=\"mb-2\"><a class=\"btn btn-outline-primary disabled\" style=\"text-transform:none!important\" href=\"xxxx\" target=\"_blank\">35 prazas<\/a><\/p>\n<\/p><\/div>\n<\/div>\n<p>&nbsp;<\/p>\n<h2>Descrici\u00f3n<\/h2>\n<p>Este curso ofrece unha formaci\u00f3n de 11 horas dirixida ao profesorado da Universidade de Vigo interesado en integrar experiencias de Collaborative Online International Learning (COIL) nas s\u00faas materias.Traballarase que \u00e9 COIL, porque \u00e9 relevante para o curr\u00edculo universitario, como dese\u00f1ar e desenvolver un proxecto COIL, como integrar a aprendizaxe intercultural, que tecnolox\u00edas elixir e como facilitar a colaboraci\u00f3n entre estudantes de distintas universidades e contextos culturais.<\/p>\n<p>&nbsp;<\/p>\n<div class=\"row\">\n<div class=\"col-lg-6\">\n<p class=\"header-list\">Director\/a:<\/p>\n<p>\u00d3scar Ferreiro V\u00e1zquez, Maribel del Pozo Trivi\u00f1o e Santiago Pozo Antonio<\/p>\n<p class=\"header-list\">Tel\u00e9fono contacto:<\/p>\n<p>986812035<\/p>\n<p class=\"header-list\">Email contacto:<\/p>\n<p>cpfp.innovacion@uvigo.gal<\/p>\n<p class=\"header-list\">Entidade organizadora:<\/p>\n<p>Centro de Posgrado e Formaci\u00f3n Permanente e Vicerreitor\u00eda de Internacionalizaci\u00f3n<\/p>\n<\/p><\/div>\n<div class=\"col-lg-6\">\n<div class=\"card\">\n<div class=\"card-body\">\n<p class=\"header-list\">PER\u00cdODO DE INSCRICI\u00d3N<br \/>\n\t\t\t<small>Inscrici\u00f3n<\/small><br \/>\n\t\t\t24\/04\/2026 &#8211; 05\/05\/2026<\/p>\n<p><\/p>\n<hr \/>\n<p class=\"header-list\">PER\u00cdODO DE MATR\u00cdCULA<br \/>\n\t\t\t<small>Matr\u00edcula<\/small><br \/>\n\t\t\t29\/04\/2026 &#8211; 06\/05\/2026<\/p>\n<\/p><\/div>\n<\/p><\/div>\n<p><\/p>\n<p class=\"mb-2\"><a class=\"btn btn-primary btn-icon\" style=\"text-transform:none!important\" href=\"https:\/\/secretaria.uvigo.gal\/uvigo.sv\/index.php?modulo=portalAcademico\" target=\"_blank\" rel=\"noopener noreferrer\">Inscrici\u00f3n \/ Matr\u00edcula<\/a><\/p>\n<\/p><\/div>\n<\/div>\n<p>&nbsp;<\/p>\n<p>&nbsp;<\/p>\n<h2>Modalidade<\/h2>\n<div class=\"card\">\n<div class=\"row\">\n<div class=\"col lg-6\">\n<div class=\"card-body\">\n<h3 class=\"card-title\">Docencia presencial\/virtual<\/h3>\n<p style=\"color:green\"><i class=\"fa fa-check-square-o fa-3x\" aria-hidden=\"true\"><\/i><\/p>\n<p>11 horas<\/p>\n<\/p><\/div>\n<\/p><\/div>\n<div class=\"col lg-3\">\n<div class=\"card-body\">\n<h3 class=\"card-title\">Docencia non presencial<\/h3>\n<p><i class=\"fa fa-minus fa-3x\" aria-hidden=\"true\"><\/i><\/p>\n<p>0 horas<\/p>\n<\/p><\/div>\n<\/p><\/div>\n<div class=\"col lg-3\">\n<div class=\"card-body\">\n<h3 class=\"card-title\">Pr\u00e1cticas en empresa<\/h3>\n<p><i class=\"fa fa-minus fa-3x\" aria-hidden=\"true\"><\/i><\/p>\n<p>0 horas<\/p>\n<\/p><\/div>\n<\/p><\/div>\n<\/p><\/div>\n<div class=\"row\">\n<div class=\"col lg-12\">\n<div class=\"card-body\">\n<p><strong>Lugar de impartici\u00f3n<\/strong><\/p>\n<p>Sala 1 Edificio Miralles<\/p>\n<p>Sala virtual: Palacio de Congresos<\/p>\n<\/p><\/div>\n<\/p><\/div>\n<\/p><\/div>\n<\/div>\n<p>&nbsp;<\/p>\n<h2>Horario<\/h2>\n<p>11\/05\/2026 de 9:30 a 14h e de 16 a 20h en modalidade presencial ou en li\u00f1a.<\/p>\n<p>13\/05\/2026 de 16 a 19h en li\u00f1a.<\/p>\n<\/p>\n<p>&nbsp;<\/p>\n<p>&nbsp;<\/p>\n<h2>Obxectivos<\/h2>\n<p>1.Definir que \u00e9 COIL e distinguilo doutras modalidades de colaboraci\u00f3n internacional en li\u00f1a. <\/p>\n<p>2.Describir as fases de desenvolvemento dun proxecto COIL (busca de socio, dese\u00f1o, implementaci\u00f3n).<\/p>\n<p>3.Dese\u00f1ar un borrador de proxecto COIL adaptado a unha materia propia (obxectivos, actividades, avaliaci\u00f3n, cronograma). <\/p>\n<p>4.Integrar de maneira intencional a aprendizaxe intercultural no dese\u00f1o do proxecto (obxectivos, actividades, reflexi\u00f3n). <\/p>\n<p>5.Seleccionar ferramentas tecnol\u00f3xicas axeitadas para a comunicaci\u00f3n e colaboraci\u00f3n no proxecto COIL. <\/p>\n<p>6.Planificar a facilitaci\u00f3n do proxecto (comunicaci\u00f3n co socio, andamiaxe ao alumnado, xesti\u00f3n de incidencias).<\/p>\n<p>&nbsp;<\/p>\n<h2>Destinatarios<\/h2>\n<p>\tEsta actividade est\u00e1 destinada ao profesorado da Universidade de Vigo.\t<\/p>\n<p>&nbsp;<\/p>\n<h2>Condici\u00f3ns de acceso<\/h2>\n<p>\tProfesorado da Universidade de Vigo.\t<\/p>\n<p>&nbsp;<\/p>\n<h2>Criterios de selecci\u00f3n<\/h2>\n<p><p>Ter\u00e1 preferencia o profesorado que estea no POD deste curso acad\u00e9mico.<\/p>\n<p>Por orde de preinscrici\u00f3n.<\/p>\n<p>Se quedan prazas dispo\u00f1ibles poder\u00e1n participar outros perf\u00eds da Universidade de Vigo, baixo o criterio da \u00c1rea de Formaci\u00f3n e Innovaci\u00f3n Educativa.<\/p>\n<p>&nbsp;<\/p>\n<h2>Metodolox\u00eda<\/h2>\n<p><div>Sesi\u00f3n 1: Fundamentos e dese\u00f1o inicial<\/div>\n<ul class=\"list-peak\" style=\"margin-top:10px\">\n<li>Que \u00e9 COIL? Exposici\u00f3n breve sobre a metodolox\u00eda de aprendizaxe colaborativa internacional en li\u00f1a e a s\u00faa relaci\u00f3n coa internacionalizaci\u00f3n na casa.&nbsp;<\/li>\n<li>Por que COIL no teu curr\u00edculo? Beneficios para o estudantado: desenvolvemento de competencias interculturais, globais e dixitais, as\u00ed como mellora da empregabilidade.&nbsp;<\/li>\n<li>Como se desenvolve un proxecto COIL? An\u00e1lise de casos reais e materiais de proxectos COIL; traballo en pequenos grupos para o primeiro dese\u00f1o (resultados de aprendizaxe, actividades colaborativas s\u00edncronas e as\u00edncronas, tarefas de reflexi\u00f3n).&nbsp;<\/li>\n<li>Posta en com\u00fan do dese\u00f1o inicial. Presentaci\u00f3n dos bosquexos de proxecto, retroalimentaci\u00f3n entre pares e resoluci\u00f3n de d\u00fabidas.&nbsp;<\/li>\n<\/ul>\n<div><\/div>\n<div>Sesi\u00f3n 2: Profundizaci\u00f3n pr\u00e1ctica<\/div>\n<ul class=\"list-peak\" style=\"margin-top:10px\">\n<li>A aprendizaxe intercultural en COIL. Estratexias para promover a comunicaci\u00f3n efectiva, a sensibilidade intercultural e a xesti\u00f3n de malentendidos.&nbsp;<\/li>\n<li>Escoller a tecnolox\u00eda axeitada. Criterios para seleccionar plataformas e ferramentas (accesibilidade, compatibilidade, conectividade, privacidade e usabilidade).&nbsp;<\/li>\n<li>Facilitar un COIL: rol docente e xesti\u00f3n da experiencia. O docente como facilitador e acompa\u00f1ante: conformaci\u00f3n de grupos mixtos, seguimento do traballo colaborativo, avaliaci\u00f3n formativa e retroalimentaci\u00f3n.&nbsp;<\/li>\n<li>Peche e plan de acci\u00f3n persoal. Traballo individual e en parellas para concretar un plan de implementaci\u00f3n (cronograma, posibles socios, recursos necesarios) e compartir compromisos finais.&nbsp;<\/li>\n<\/ul>\n<div><\/div>\n<div>Sesi\u00f3n 3: Experiencias COIL<\/div>\n<ul class=\"list-peak\" style=\"margin-top:10px\">\n<li>Os sabores da diversidade: unha experiencia COIL dende a antropolox\u00eda da alimentaci\u00f3n&nbsp; (Universidade de Vigo)<\/li>\n<li>Sinergias para el mundo: innovaci\u00f3n e internacionalizaci\u00f3n del Curr\u00edculo desde la UdeA (Universidad de Antioquia, Colombia)<\/li>\n<li>Aulas sin fronteras: COIL como estrategia de innovaci\u00f3n curricular e intercambio cultural en la Facultad de Ingenier\u00eda de la Universidad de Antioquia (Universidad de Antioquia, Colombia)<\/li>\n<li>Aulas globales, competencias laborales: una experiencia COIL para la empleabilidad (Universidad de Castilla-La Mancha)<\/li>\n<li>Impulsando COIL en la URV: evoluci\u00f3n, estrategia y proyecci\u00f3n internacional (Universitat Rovira i Virgili)<\/li>\n<li>C\u00f3mo involucrar a los profesores en la metodolog\u00eda COIL (Universidad Cat\u00f3lica de Valencia San Vicente M\u00e1rtir)<\/li>\n<\/ul>\n<p>&nbsp;<\/p>\n<h2>Profesorado<\/h2>\n<ul class=\"list-peak\" style=\"margin-top:10px\">\n<li>Eva Haug<\/li>\n<li>Francisco Suay P\u00e9rez<\/li>\n<li>Beatriz Comendador Rey<\/li>\n<li>Alejandra Mart\u00ednez Ram\u00edrez<\/li>\n<li>Luz Maritza Areiza P\u00e9rez<\/li>\n<li>David Carrascosa Ca\u00f1ego<\/li>\n<li>Marina Vives Cabr\u00e9<\/li>\n<li>Beatriz Manrique<\/li>\n<\/ul>\n<p>&nbsp;<\/p>\n<h2>Avaliaci\u00f3n<\/h2>\n<p><p>Para superar o curso ser\u00e1 necesario:<\/p>\n<p>&#8211; Asistencia ao 80% da formaci\u00f3n.<\/p>\n<p>&#8211; Entrega dun borrador de dese\u00f1o de proxecto COIL vinculado a unha asignatura concreta.<\/p>\n<p>&#8211; Plan de pasos seguintes (a curto e medio prazo) para levar o proxecto \u00e1 pr\u00e1ctica.<\/p>\n<\/p>\n<p>&nbsp;<\/p>\n<h2>Titulaci\u00f3n<\/h2>\n<p>Curso en Internacionalizaci\u00f3n en casa: o enfoque COIL e clases espello (Collaborative Online International Learning)<\/p>\n<p>&nbsp;<\/p>\n<div class=\"custom-block graylight\">\n<h3>M\u00e1is informaci\u00f3n<\/h3>\n<p><a href=\"https:\/\/cpfp.uvigo.gal\/gl\/estudos\/formacion-e-innovacion-educativa\/formacion\/\" target=\"_blank\">https:\/\/cpfp.uvigo.gal\/gl\/estudos\/formacion-e-innovacion-educativa\/formacion\/<\/a><\/p>\n<\/p><\/div>\n","protected":false},"featured_media":0,"parent":0,"template":"","meta":{"_monsterinsights_skip_tracking":false,"_monsterinsights_sitenote_active":false,"_monsterinsights_sitenote_note":"","_monsterinsights_sitenote_category":0},"class_list":["post-300512","sigma_course","type-sigma_course","status-publish","hentry"],"_links":{"self":[{"href":"https:\/\/cpfp.uvigo.gal\/gl\/wp-json\/wp\/v2\/sigma_course\/300512","targetHints":{"allow":["GET"]}}],"collection":[{"href":"https:\/\/cpfp.uvigo.gal\/gl\/wp-json\/wp\/v2\/sigma_course"}],"about":[{"href":"https:\/\/cpfp.uvigo.gal\/gl\/wp-json\/wp\/v2\/types\/sigma_course"}],"wp:attachment":[{"href":"https:\/\/cpfp.uvigo.gal\/gl\/wp-json\/wp\/v2\/media?parent=300512"}],"curies":[{"name":"wp","href":"https:\/\/api.w.org\/{rel}","templated":true}]}}