
{"id":300850,"date":"2025-04-08T10:53:55","date_gmt":"2025-04-08T08:53:55","guid":{"rendered":"https:\/\/cpfp.uvigo.gal\/estudos\/titulos-propios\/id1167-1\/"},"modified":"2025-04-08T10:53:55","modified_gmt":"2025-04-08T08:53:55","slug":"id1167-1","status":"publish","type":"sigma_course","link":"https:\/\/cpfp.uvigo.gal\/gl\/estudos\/titulos-propios\/id1167-1\/","title":{"rendered":"Introduci\u00f3n \u00e1 Aprendizaxe-Servizo no ensino superior"},"content":{"rendered":"<div class=\"entry-thumbnail\">\n<p><img decoding=\"async\" src=\"https:\/\/cpfp.uvigo.gal\/wp-content\/plugins\/uvigo-sigma-courses\/public\/images\/1167-1.jpg\" alt=\"Introduci\u00f3n \u00e1 Aprendizaxe-Servizo no ensino superior\" class=\"img-fluid\"><\/p>\n<\/div>\n<div class=\"row\">\n<div class=\"col-lg-12\">\n<h3>Programas de formaci\u00f3n permanente do profesorado<\/h3>\n<p class=\"header-list\">\u00c1mbito: Interdisciplinar<span class=\"pull-right\">C\u00f3digo: TCS:1167\/1<\/span><br \/>\n\t\t\u00c1rea de interese principal: Transversal | \u00c1rea de interese secundaria: Transversal<\/p>\n<div class=\"custom-block graylight\">\n<div class=\"row\">\n<div class=\"col lg-4\">\n<h3>Inicio e fin<\/h3>\n<p><i class=\"fa fa-calendar\"><\/i> 21\/04\/2025 &#8211; 30\/04\/2025 <\/p>\n<\/p><\/div>\n<div class=\"col lg-3\">\n<h3>Modalidade<\/h3>\n<p>\t\t\t\t\t\t<i class=\"fa fa-adjust\" aria-hidden=\"true\"><\/i> Semipresencial\t\t\t\t<\/div>\n<div class=\"col lg-2\">\n<h3>Cr\u00e9ditos ECTS<\/h3>\n<p><i class=\"fa fa-shield\"><\/i> 0.0 ECTS<\/p>\n<\/p><\/div>\n<div class=\"col lg-3\">\n<h3>Estado<\/h3>\n<p><i class=\"fa fa-cogs\" aria-hidden=\"true\"><\/i> Finalizado\t\t\t\t\t<\/p>\n<\/p><\/div>\n<\/p><\/div>\n<\/p><\/div>\n<p class=\"mb-2\"><a class=\"btn btn-outline-primary disabled\" style=\"text-transform:none!important\" href=\"xxxx\" target=\"_blank\">30 prazas<\/a><\/p>\n<\/p><\/div>\n<\/div>\n<p>&nbsp;<\/p>\n<h2>Descrici\u00f3n<\/h2>\n<p>A Aprendizaxe-Servizo (ApS) \u00e9 unha metodolox\u00eda pedag\u00f3xica na cal os\/as participantes aprenden mentres act\u00faan sobre necesidades reais da contorna coa finalidade de mellorala. Deste xeito, este tipo de proxectos son unha oportunidade para establecer un maior v\u00ednculo entre universidade e sociedade nun marco de reciprocidade. Nesta formaci\u00f3n pret\u00e9ndese facer unha achega aplicada a esta estratexia metodol\u00f3xica, de tal xeito que poda ser integrada en materias de diferentes \u00e1reas de co\u00f1ecemento.<\/p>\n<p>&nbsp;<\/p>\n<div class=\"row\">\n<div class=\"col-lg-6\">\n<p class=\"header-list\">Director\/a:<\/p>\n<p>\u00c1rea de Formaci\u00f3n e Innovaci\u00f3n Educativa<\/p>\n<p class=\"header-list\">Tel\u00e9fono contacto:<\/p>\n<p>986812035<\/p>\n<p class=\"header-list\">Email contacto:<\/p>\n<p>cpfp.innovacion@uvigo.gal<\/p>\n<p class=\"header-list\">Entidade organizadora:<\/p>\n<p>Centro de Posgrado y Formaci\u00f3n Permanente<\/p>\n<\/p><\/div>\n<div class=\"col-lg-6\">\n<div class=\"card\">\n<div class=\"card-body\">\n<p style=\"color:#dc3545\" class=\"header-list\">PER\u00cdODO DE INSCRICI\u00d3N<br \/>\n\t\t\t<small>Inscrici\u00f3n pechada<\/small><br \/>\n\t\t\t06\/02\/2025 &#8211; 10\/04\/2025<\/p>\n<p><\/p>\n<hr \/>\n<p style=\"color:#dc3545\" class=\"header-list\">PER\u00cdODO DE MATR\u00cdCULA<br \/>\n\t\t\t<small>Matr\u00edcula pechada<\/small><br \/>\n\t\t\t06\/02\/2025 &#8211; 11\/04\/2025<\/p>\n<\/p><\/div>\n<\/p><\/div>\n<p><\/p>\n<p class=\"mb-2\"><a class=\"btn btn-primary btn-icon disabled\" style=\"text-transform:none!important\" href=\"https:\/\/secretaria.uvigo.gal\/uvigo.sv\/index.php?modulo=portalAcademico\" target=\"_blank\" rel=\"noopener noreferrer\">Matr\u00edcula pechada<\/a><\/p>\n<\/p><\/div>\n<\/div>\n<p>&nbsp;<\/p>\n<p>&nbsp;<\/p>\n<h2>Modalidade<\/h2>\n<div class=\"card\">\n<div class=\"row\">\n<div class=\"col lg-6\">\n<div class=\"card-body\">\n<h3 class=\"card-title\">Docencia presencial\/virtual<\/h3>\n<p style=\"color:green\"><i class=\"fa fa-check-square-o fa-3x\" aria-hidden=\"true\"><\/i><\/p>\n<p>8 horas<\/p>\n<\/p><\/div>\n<\/p><\/div>\n<div class=\"col lg-3\">\n<div class=\"card-body\">\n<h3 class=\"card-title\">Docencia non presencial<\/h3>\n<p style=\"color:green\"><i class=\"fa fa-check-square-o fa-3x\" aria-hidden=\"true\"><\/i><\/p>\n<p>2 horas<\/p>\n<\/p><\/div>\n<\/p><\/div>\n<div class=\"col lg-3\">\n<div class=\"card-body\">\n<h3 class=\"card-title\">Pr\u00e1cticas en empresa<\/h3>\n<p><i class=\"fa fa-minus fa-3x\" aria-hidden=\"true\"><\/i><\/p>\n<p>0 horas<\/p>\n<\/p><\/div>\n<\/p><\/div>\n<\/p><\/div>\n<div class=\"row\">\n<div class=\"col lg-12\">\n<div class=\"card-body\">\n<p><strong>Lugar de impartici\u00f3n<\/strong><br \/>\nCampus remoto, Moovi e aulas pendentes de confirmar.\t<\/div>\n<\/p><\/div>\n<\/p><\/div>\n<\/div>\n<p>&nbsp;<\/p>\n<h2>Horario<\/h2>\n<p>Modalidade virtual-s\u00edncrona. Luns 21 de abril de 16.30 a 18.30 horas.<\/p>\n<p>Sesi\u00f3n presencial a escoller no Campus de Vigo ou no de Ourense:<br \/>\u2022&nbsp;&nbsp;&nbsp; Campus de Vigo. Xoves 24 de abril&nbsp; de 16 a 20 horas.<br \/>\u2022&nbsp;&nbsp;&nbsp; Campus de Ourense. Venres 25 de abril de 16 a 20 horas.<\/p>\n<p>Modalidade virtual s\u00edncrona. M\u00e9rcores 30 de abril 16 a 18 horas.<\/p>\n<\/p>\n<p>&nbsp;<\/p>\n<p>&nbsp;<\/p>\n<h2>Obxectivos<\/h2>\n<ul class=\"list-peak\" style=\"--tw-translate-x: 0;--tw-translate-y: 0;--tw-rotate: 0;--tw-skew-x: 0;--tw-skew-y: 0;--tw-scale-x: 1;--tw-scale-y: 1;--tw-pan-x:;--tw-pan-y:;--tw-pinch-zoom:;--tw-scroll-snap-strictness: proximity;--tw-ordinal:;--tw-slashed-zero:;--tw-numeric-figure:;--tw-numeric-spacing:;--tw-numeric-fraction:;--tw-ring-inset:;--tw-ring-offset-width: 0px;--tw-ring-offset-color: #fff;--tw-ring-offset-shadow: 0 0 #0000;--tw-ring-shadow: 0 0 #0000;--tw-shadow: 0 0 #0000;--tw-shadow-colored: 0 0 #0000;--tw-blur:;--tw-brightness:;--tw-contrast:;--tw-grayscale:;--tw-hue-rotate:;--tw-invert:;--tw-saturate:;--tw-sepia:;--tw-drop-shadow:;--tw-backdrop-blur:;--tw-backdrop-brightness:;--tw-backdrop-contrast:;--tw-backdrop-grayscale:;--tw-backdrop-hue-rotate:;--tw-backdrop-invert:;--tw-backdrop-opacity:;--tw-backdrop-saturate:;--tw-backdrop-sepia:;margin-top: 10px\">\n<li style=\"--tw-translate-x: 0;--tw-translate-y: 0;--tw-rotate: 0;--tw-skew-x: 0;--tw-skew-y: 0;--tw-scale-x: 1;--tw-scale-y: 1;--tw-pan-x:;--tw-pan-y:;--tw-pinch-zoom:;--tw-scroll-snap-strictness: proximity;--tw-ordinal:;--tw-slashed-zero:;--tw-numeric-figure:;--tw-numeric-spacing:;--tw-numeric-fraction:;--tw-ring-inset:;--tw-ring-offset-width: 0px;--tw-ring-offset-color: #fff;--tw-ring-offset-shadow: 0 0 #0000;--tw-ring-shadow: 0 0 #0000;--tw-shadow: 0 0 #0000;--tw-shadow-colored: 0 0 #0000;--tw-blur:;--tw-brightness:;--tw-contrast:;--tw-grayscale:;--tw-hue-rotate:;--tw-invert:;--tw-saturate:;--tw-sepia:;--tw-drop-shadow:;--tw-backdrop-blur:;--tw-backdrop-brightness:;--tw-backdrop-contrast:;--tw-backdrop-grayscale:;--tw-backdrop-hue-rotate:;--tw-backdrop-invert:;--tw-backdrop-opacity:;--tw-backdrop-saturate:;--tw-backdrop-sepia:\">Contribu\u00edr ao co\u00f1ecemento da Aprendizaxe-Servizo (ApS) como metodolox\u00eda innovadora na educaci\u00f3n superior.<\/li>\n<li style=\"--tw-translate-x: 0;--tw-translate-y: 0;--tw-rotate: 0;--tw-skew-x: 0;--tw-skew-y: 0;--tw-scale-x: 1;--tw-scale-y: 1;--tw-pan-x:;--tw-pan-y:;--tw-pinch-zoom:;--tw-scroll-snap-strictness: proximity;--tw-ordinal:;--tw-slashed-zero:;--tw-numeric-figure:;--tw-numeric-spacing:;--tw-numeric-fraction:;--tw-ring-inset:;--tw-ring-offset-width: 0px;--tw-ring-offset-color: #fff;--tw-ring-offset-shadow: 0 0 #0000;--tw-ring-shadow: 0 0 #0000;--tw-shadow: 0 0 #0000;--tw-shadow-colored: 0 0 #0000;--tw-blur:;--tw-brightness:;--tw-contrast:;--tw-grayscale:;--tw-hue-rotate:;--tw-invert:;--tw-saturate:;--tw-sepia:;--tw-drop-shadow:;--tw-backdrop-blur:;--tw-backdrop-brightness:;--tw-backdrop-contrast:;--tw-backdrop-grayscale:;--tw-backdrop-hue-rotate:;--tw-backdrop-invert:;--tw-backdrop-opacity:;--tw-backdrop-saturate:;--tw-backdrop-sepia:\">Analizar as potencialidades pedag\u00f3xicas da ApS no EEES.<\/li>\n<li style=\"--tw-translate-x: 0;--tw-translate-y: 0;--tw-rotate: 0;--tw-skew-x: 0;--tw-skew-y: 0;--tw-scale-x: 1;--tw-scale-y: 1;--tw-pan-x:;--tw-pan-y:;--tw-pinch-zoom:;--tw-scroll-snap-strictness: proximity;--tw-ordinal:;--tw-slashed-zero:;--tw-numeric-figure:;--tw-numeric-spacing:;--tw-numeric-fraction:;--tw-ring-inset:;--tw-ring-offset-width: 0px;--tw-ring-offset-color: #fff;--tw-ring-offset-shadow: 0 0 #0000;--tw-ring-shadow: 0 0 #0000;--tw-shadow: 0 0 #0000;--tw-shadow-colored: 0 0 #0000;--tw-blur:;--tw-brightness:;--tw-contrast:;--tw-grayscale:;--tw-hue-rotate:;--tw-invert:;--tw-saturate:;--tw-sepia:;--tw-drop-shadow:;--tw-backdrop-blur:;--tw-backdrop-brightness:;--tw-backdrop-contrast:;--tw-backdrop-grayscale:;--tw-backdrop-hue-rotate:;--tw-backdrop-invert:;--tw-backdrop-opacity:;--tw-backdrop-saturate:;--tw-backdrop-sepia:\">Explorar as posibilidades da aprendizaxe-servizo como canle de desenvolvemento cognitivo, afectivo e \u00e9tico dos\/as estudantes de ensino universitario.<\/li>\n<li style=\"--tw-translate-x: 0;--tw-translate-y: 0;--tw-rotate: 0;--tw-skew-x: 0;--tw-skew-y: 0;--tw-scale-x: 1;--tw-scale-y: 1;--tw-pan-x:;--tw-pan-y:;--tw-pinch-zoom:;--tw-scroll-snap-strictness: proximity;--tw-ordinal:;--tw-slashed-zero:;--tw-numeric-figure:;--tw-numeric-spacing:;--tw-numeric-fraction:;--tw-ring-inset:;--tw-ring-offset-width: 0px;--tw-ring-offset-color: #fff;--tw-ring-offset-shadow: 0 0 #0000;--tw-ring-shadow: 0 0 #0000;--tw-shadow: 0 0 #0000;--tw-shadow-colored: 0 0 #0000;--tw-blur:;--tw-brightness:;--tw-contrast:;--tw-grayscale:;--tw-hue-rotate:;--tw-invert:;--tw-saturate:;--tw-sepia:;--tw-drop-shadow:;--tw-backdrop-blur:;--tw-backdrop-brightness:;--tw-backdrop-contrast:;--tw-backdrop-grayscale:;--tw-backdrop-hue-rotate:;--tw-backdrop-invert:;--tw-backdrop-opacity:;--tw-backdrop-saturate:;--tw-backdrop-sepia:\">Dese\u00f1ar un proxecto de ApS adaptado \u00e1s diferentes ensinanzas.<\/li>\n<\/ul>\n<p>&nbsp;<\/p>\n<h2>Destinatarios<\/h2>\n<p>\tEsta actividade est\u00e1 destinada ao profesorado da Universidade de Vigo. Ter\u00e1 preferencia o profesorado que estea no POD deste ano acad\u00e9mico. Se quedan prazas dispo\u00f1ibles poder\u00e1n participar outros perf\u00eds da Universidade de Vigo, baixo o criterio da \u00c1rea de Formaci\u00f3n e Innovaci\u00f3n Educativa.\t<\/p>\n<p>&nbsp;<\/p>\n<h2>Idioma<\/h2>\n<p>Galego<\/p>\n<p>&nbsp;<\/p>\n<h2>Criterios de selecci\u00f3n<\/h2>\n<p>Por orde de preinscrici\u00f3n, considerando o persoal destinatario ao que vai dirixida a formaci\u00f3n.\t<\/p>\n<p>&nbsp;<\/p>\n<h2>Metodolox\u00eda<\/h2>\n<p>Sesi\u00f3n 1: Introduci\u00f3n \u00e1 Aprendizaxe-Servizo (modalidade virtual-s\u00edncrona)<br \/>Luns 21 de abril de 16.30 a 18.30 horas.<\/p>\n<p>Sesi\u00f3n 2: Como desenvolver un proxecto de Aprendizaxe-Servizo&nbsp; (presencial) &nbsp;<br \/>\u2022&nbsp;&nbsp;&nbsp; Campus de Vigo. Xoves 24 de abril&nbsp; de 16 a 20 horas.<br \/>\u2022&nbsp;&nbsp;&nbsp; Campus de Ourense.&nbsp; Venres 25 de abril de 16 a 20 horas.<\/p>\n<p>Sesi\u00f3n 3: Seguimento e titorizaci\u00f3n de proxectos (modalidade h\u00edbrida)<br \/>\u2022&nbsp;&nbsp;&nbsp; Sesi\u00f3n de titorizaci\u00f3n (s\u00edncrona). M\u00e9rcores 30 de abril 16 a 18 horas.<br \/>\u2022&nbsp;&nbsp;&nbsp; Entrega de proxectos (as\u00edncrona). <\/p>\n<p>&nbsp;<\/p>\n<h2>Profesorado<\/h2>\n<p><b>Alexandre Sotelino Losada<\/b><\/p>\n<p>\u00c9 profesor no Departamento de Pedagox\u00eda e Did\u00e1ctica da Universidade de Santiago de Compostela. \u00c9 membro do Grupo de Investigaci\u00f3n Esculca e de varias redes de investigaci\u00f3n no \u00e1mbito educativo. Desempe\u00f1ou varios cargos de xesti\u00f3n a USC e noutras entidades externas.&nbsp; Dirixe o Grupo de Innovaci\u00f3n Docente&nbsp; Al\u00e9n-ApS onde participan docentes de diferentes \u00e1reas de co\u00f1ecemento.<br \/><b><br \/>Igor Mella N\u00fa\u00f1ez<\/b><\/p>\n<p>\u00c9 doutor en Educaci\u00f3n con Menci\u00f3n Internacional e Premio Extraordinario pola Universidade de Santiago de Compostela, onde actualmente \u00e9 Profesor Axudante Doutor no Departamento de Pedagox\u00eda e Did\u00e1ctica (Facultade de Ciencias da Educaci\u00f3n). \u00c9 membro do Grupo de Investigaci\u00f3n ESCULCA, da Rede de Investigaci\u00f3n RIES e da Rede de Excelencia UNIASC. As s\u00faas li\u00f1as de investigaci\u00f3n principais vinc\u00falanse coa educaci\u00f3n superior, o aprendizaxe-servizo e o desenvolvemento de competencias.<\/p>\n<p>&nbsp;<\/p>\n<h2>Avaliaci\u00f3n<\/h2>\n<ul class=\"list-peak\">\n<li style=\"--tw-translate-x: 0;--tw-translate-y: 0;--tw-rotate: 0;--tw-skew-x: 0;--tw-skew-y: 0;--tw-scale-x: 1;--tw-scale-y: 1;--tw-pan-x:;--tw-pan-y:;--tw-pinch-zoom:;--tw-scroll-snap-strictness: proximity;--tw-ordinal:;--tw-slashed-zero:;--tw-numeric-figure:;--tw-numeric-spacing:;--tw-numeric-fraction:;--tw-ring-inset:;--tw-ring-offset-width: 0px;--tw-ring-offset-color: #fff;--tw-ring-offset-shadow: 0 0 #0000;--tw-ring-shadow: 0 0 #0000;--tw-shadow: 0 0 #0000;--tw-shadow-colored: 0 0 #0000;--tw-blur:;--tw-brightness:;--tw-contrast:;--tw-grayscale:;--tw-hue-rotate:;--tw-invert:;--tw-saturate:;--tw-sepia:;--tw-drop-shadow:;--tw-backdrop-blur:;--tw-backdrop-brightness:;--tw-backdrop-contrast:;--tw-backdrop-grayscale:;--tw-backdrop-hue-rotate:;--tw-backdrop-invert:;--tw-backdrop-opacity:;--tw-backdrop-saturate:;--tw-backdrop-sepia:\">Asistencia&nbsp; ao 80 % das partes presenciais e virtuais s\u00edncronas. Nas partes virtuais s\u00edncronas as persoas participantes te\u00f1en que ter preparada a c\u00e1mara e o micr\u00f3fono para poder intervir na formaci\u00f3n.<\/li>\n<li style=\"--tw-translate-x: 0;--tw-translate-y: 0;--tw-rotate: 0;--tw-skew-x: 0;--tw-skew-y: 0;--tw-scale-x: 1;--tw-scale-y: 1;--tw-pan-x:;--tw-pan-y:;--tw-pinch-zoom:;--tw-scroll-snap-strictness: proximity;--tw-ordinal:;--tw-slashed-zero:;--tw-numeric-figure:;--tw-numeric-spacing:;--tw-numeric-fraction:;--tw-ring-inset:;--tw-ring-offset-width: 0px;--tw-ring-offset-color: #fff;--tw-ring-offset-shadow: 0 0 #0000;--tw-ring-shadow: 0 0 #0000;--tw-shadow: 0 0 #0000;--tw-shadow-colored: 0 0 #0000;--tw-blur:;--tw-brightness:;--tw-contrast:;--tw-grayscale:;--tw-hue-rotate:;--tw-invert:;--tw-saturate:;--tw-sepia:;--tw-drop-shadow:;--tw-backdrop-blur:;--tw-backdrop-brightness:;--tw-backdrop-contrast:;--tw-backdrop-grayscale:;--tw-backdrop-hue-rotate:;--tw-backdrop-invert:;--tw-backdrop-opacity:;--tw-backdrop-saturate:;--tw-backdrop-sepia:\">Entrega&nbsp;&nbsp; dun proxecto de Aprendizaxe-Servizo adaptado \u00e1s materias impartidas.<\/li>\n<\/ul>\n<p>&nbsp;<\/p>\n<h2>Titulaci\u00f3n<\/h2>\n<p>A superaci\u00f3n desta actividade formativa ser\u00e1 acreditada pola Vicerreitor\u00eda de Titulaci\u00f3ns e Innovaci\u00f3n Docente da Universidade de Vigo nun prazo de 21 d\u00edas desde a s\u00faa finalizaci\u00f3n.<\/p>\n<p>&nbsp;<\/p>\n","protected":false},"featured_media":0,"parent":0,"template":"","meta":{"_monsterinsights_skip_tracking":false,"_monsterinsights_sitenote_active":false,"_monsterinsights_sitenote_note":"","_monsterinsights_sitenote_category":0},"class_list":["post-300850","sigma_course","type-sigma_course","status-publish","hentry"],"_links":{"self":[{"href":"https:\/\/cpfp.uvigo.gal\/gl\/wp-json\/wp\/v2\/sigma_course\/300850","targetHints":{"allow":["GET"]}}],"collection":[{"href":"https:\/\/cpfp.uvigo.gal\/gl\/wp-json\/wp\/v2\/sigma_course"}],"about":[{"href":"https:\/\/cpfp.uvigo.gal\/gl\/wp-json\/wp\/v2\/types\/sigma_course"}],"wp:attachment":[{"href":"https:\/\/cpfp.uvigo.gal\/gl\/wp-json\/wp\/v2\/media?parent=300850"}],"curies":[{"name":"wp","href":"https:\/\/api.w.org\/{rel}","templated":true}]}}