
{"id":300868,"date":"2026-03-11T13:15:56","date_gmt":"2026-03-11T12:15:56","guid":{"rendered":"https:\/\/cpfp.uvigo.gal\/estudos\/titulos-propios\/id1176-2\/"},"modified":"2026-03-11T13:15:56","modified_gmt":"2026-03-11T12:15:56","slug":"id1176-2","status":"publish","type":"sigma_course","link":"https:\/\/cpfp.uvigo.gal\/gl\/estudos\/titulos-propios\/id1176-2\/","title":{"rendered":"Creaci\u00f3n e tratamento de imaxes e fotograf\u00edas con GIMP (CIXUG)"},"content":{"rendered":"<div class=\"entry-thumbnail\">\n<p><img decoding=\"async\" src=\"https:\/\/cpfp.uvigo.gal\/wp-content\/plugins\/uvigo-sigma-courses\/public\/images\/1176-2.jpg\" alt=\"Creaci\u00f3n e tratamento de imaxes e fotograf\u00edas con GIMP (CIXUG)\" class=\"img-fluid\"><\/p>\n<\/div>\n<div class=\"row\">\n<div class=\"col-lg-12\">\n<h3>Programas de formaci\u00f3n permanente do profesorado<\/h3>\n<p class=\"header-list\">\u00c1mbito: Interdisciplinar<span class=\"pull-right\">C\u00f3digo: TCS:1176\/2<\/span><br \/>\n\t\t\u00c1rea de interese principal: Transversal | \u00c1rea de interese secundaria: Transversal<\/p>\n<div class=\"custom-block graylight\">\n<div class=\"row\">\n<div class=\"col lg-4\">\n<h3>Inicio e fin<\/h3>\n<p><i class=\"fa fa-calendar\"><\/i> 17\/03\/2026 &#8211; 30\/04\/2026 <\/p>\n<\/p><\/div>\n<div class=\"col lg-3\">\n<h3>Modalidade<\/h3>\n<p>\t\t\t\t\t\t<i class=\"fa fa-laptop\" aria-hidden=\"true\"><\/i> Virtual\t\t\t\t<\/div>\n<div class=\"col lg-2\">\n<h3>Cr\u00e9ditos ECTS<\/h3>\n<p><i class=\"fa fa-shield\"><\/i> 0.0 ECTS<\/p>\n<\/p><\/div>\n<div class=\"col lg-3\">\n<h3>Estado<\/h3>\n<p><i class=\"fa fa-cogs\" aria-hidden=\"true\"><\/i> En curso\t\t\t\t\t<\/p>\n<\/p><\/div>\n<\/p><\/div>\n<\/p><\/div>\n<p class=\"mb-2\"><a class=\"btn btn-outline-primary disabled\" style=\"text-transform:none!important\" href=\"xxxx\" target=\"_blank\">10 prazas<\/a><\/p>\n<\/p><\/div>\n<\/div>\n<p>&nbsp;<\/p>\n<h2>Descrici\u00f3n<\/h2>\n<p>A creaci\u00f3n e manipulaci\u00f3n de imaxes \u00e9 unha das labores m\u00e1is habituais nos procesos creativos dixitais. Con este curso pers\u00e9guese que os participantes adquiran as noci\u00f3ns e habilidades b\u00e1sicas para o tratamento de imaxes, dende retocalas ou editalas, ata crealas dende cero nunha nova composici\u00f3n con formas libres, de modo que non s\u00f3 adquiran unhas noci\u00f3ns b\u00e1sicas sobre programas de edici\u00f3n, sen\u00f3n sobre aspectos concretos de dese\u00f1o gr\u00e1fico. <\/p>\n<p>Traballarase principalmente con GIMP, a\u00ednda que se far\u00e1n alusi\u00f3ns a outros programas de edici\u00f3n de imaxes, que ao igual que GIMP, tam\u00e9n ser\u00edan software libre, como Krita, Scribus e Inkscape entre outros. Pret\u00e9ndese, sobre todo, afacer ao usuario \u00e1 interface particular de Gimp ao mesmo tempo que se fai un repaso polas ferramentas m\u00e1is com\u00fans e os conceptos claves necesarios para poder entender calquera documentaci\u00f3n, taller ou tutorial posterior sobre estes programas.<\/p>\n<p>Tam\u00e9n se abordar\u00e1n outros aspectos interesantes como a busca e obtenci\u00f3n de imaxes (fontes de uso legal de imaxes para as nosas composici\u00f3ns), diferenciar entre imaxes de mapas de bits e vectoriais, cando usar unhas ou outras, como integralas nunha mesma composici\u00f3n, e incluso como transformar unhas imaxes dun tipo noutro.<\/p>\n<p>&nbsp;<\/p>\n<div class=\"row\">\n<div class=\"col-lg-6\">\n<p class=\"header-list\">Tel\u00e9fono contacto:<\/p>\n<p>986812035<\/p>\n<p class=\"header-list\">Email contacto:<\/p>\n<p>cpfp.innovacion@uvigo.gal<\/p>\n<p class=\"header-list\">Entidade organizadora:<\/p>\n<p>Centro de Posgrado y Formaci\u00f3n Permanente e CIXUG<\/p>\n<\/p><\/div>\n<div class=\"col-lg-6\">\n<div class=\"card\">\n<div class=\"card-body\">\n<p style=\"color:#dc3545\" class=\"header-list\">PER\u00cdODO DE INSCRICI\u00d3N<br \/>\n\t\t\t<small>Inscrici\u00f3n pechada<\/small><br \/>\n\t\t\t12\/03\/2026 &#8211; 14\/03\/2026<\/p>\n<p><\/p>\n<hr \/>\n<p style=\"color:#dc3545\" class=\"header-list\">PER\u00cdODO DE MATR\u00cdCULA<br \/>\n\t\t\t<small>Matr\u00edcula pechada<\/small><br \/>\n\t\t\t12\/03\/2026 &#8211; 15\/03\/2026<\/p>\n<\/p><\/div>\n<\/p><\/div>\n<p><\/p>\n<p class=\"mb-2\"><a class=\"btn btn-primary btn-icon disabled\" style=\"text-transform:none!important\" href=\"https:\/\/secretaria.uvigo.gal\/uvigo.sv\/index.php?modulo=portalAcademico\" target=\"_blank\" rel=\"noopener noreferrer\">Matr\u00edcula pechada<\/a><\/p>\n<\/p><\/div>\n<\/div>\n<p>&nbsp;<\/p>\n<p>&nbsp;<\/p>\n<h2>Modalidade<\/h2>\n<div class=\"card\">\n<div class=\"row\">\n<div class=\"col lg-6\">\n<div class=\"card-body\">\n<h3 class=\"card-title\">Docencia presencial\/virtual<\/h3>\n<p style=\"color:green\"><i class=\"fa fa-check-square-o fa-3x\" aria-hidden=\"true\"><\/i><\/p>\n<p>24 horas<\/p>\n<\/p><\/div>\n<\/p><\/div>\n<div class=\"col lg-3\">\n<div class=\"card-body\">\n<h3 class=\"card-title\">Docencia non presencial<\/h3>\n<p><i class=\"fa fa-minus fa-3x\" aria-hidden=\"true\"><\/i><\/p>\n<p>0 horas<\/p>\n<\/p><\/div>\n<\/p><\/div>\n<div class=\"col lg-3\">\n<div class=\"card-body\">\n<h3 class=\"card-title\">Pr\u00e1cticas en empresa<\/h3>\n<p><i class=\"fa fa-minus fa-3x\" aria-hidden=\"true\"><\/i><\/p>\n<p>0 horas<\/p>\n<\/p><\/div>\n<\/p><\/div>\n<\/p><\/div>\n<div class=\"row\">\n<div class=\"col lg-12\">\n<div class=\"card-body\">\n<p><strong>Lugar de impartici\u00f3n<\/strong><br \/>\nFormaci\u00f3n en li\u00f1a a trav\u00e9s da Aula virtual do CIXUG: https:\/\/formar.cixug.gal\/\t<\/div>\n<\/p><\/div>\n<\/p><\/div>\n<\/div>\n<p>&nbsp;<\/p>\n<h2>Horario<\/h2>\n<p>Por determinar<\/p>\n<p>Traballarase principalmente con GIMP, a\u00ednda que se far\u00e1n alusi\u00f3ns a outros programas de edici\u00f3n de imaxes, que ao igual que GIMP, tam\u00e9n ser\u00edan software libre, como Krita, Scribus e Inkscape entre outros. Pret\u00e9ndese, sobre todo, afacer ao usuario \u00e1 interface particular de Gimp ao mesmo tempo que se fai un repaso polas ferramentas m\u00e1is com\u00fans e os conceptos claves necesarios para poder entender calquera documentaci\u00f3n, taller ou tutorial posterior sobre estes programas.<\/p>\n<p>Tam\u00e9n se abordar\u00e1n outros aspectos interesantes como a busca e obtenci\u00f3n de imaxes (fontes de uso legal de imaxes para as nosas composici\u00f3ns), diferenciar entre imaxes de mapas de bits e vectoriais, cando usar unhas ou outras, como integralas nunha mesma composici\u00f3n, e incluso como transformar unhas imaxes dun tipo noutro.<\/p>\n<\/p>\n<p>&nbsp;<\/p>\n<p>&nbsp;<\/p>\n<h2>Obxectivos<\/h2>\n<p>\tCon este curso pers\u00e9guese que os participantes adquiran as noci\u00f3ns e habilidades b\u00e1sicas para o tratamento de imaxes, dende retocalas ou editalas, ata crealas dende cero nunha nova composici\u00f3n con formas libres, de modo que non s\u00f3 adquiran unhas noci\u00f3ns b\u00e1sicas sobre programas de edici\u00f3n, sen\u00f3n sobre aspectos concretos de dese\u00f1o gr\u00e1fico.\t<\/p>\n<p>&nbsp;<\/p>\n<h2>Destinatarios<\/h2>\n<p>\tPDI da UVigo\t<\/p>\n<p>&nbsp;<\/p>\n<h2>Competencias Espec\u00edficas<\/h2>\n<p>1. Co\u00f1ecer os principais sistemas e modelos que fundamentan os sistemas dixitais de creaci\u00f3n de gr\u00e1ficos dixitais.<\/p>\n<p>2. Co\u00f1ecer, obter e capacitar no uso de ferramentas dixitais para a creaci\u00f3n e tratamento de imaxes.<\/p>\n<p>3. Co\u00f1ecer en detalle as contornas de traballo da edici\u00f3n de imaxes, as\u00ed como as s\u00faas ferramentas e as opci\u00f3ns.<\/p>\n<p>4. Localizar e obter imaxes de forma \u00e9tica e legal para complementar as nosas composici\u00f3ns gr\u00e1ficas.<\/p>\n<p>5. Distinguir entre diferentes tipos de imaxes e saber o seu uso m\u00e1is adecuado.<\/p>\n<p>6. Crear ou modificar calquera tipo de imaxe, para combinala en calquera proxecto.<\/p>\n<p>7. Ter presentes os conceptos b\u00e1sicos da cor, para poder elixir un modo de cor ou outro \u00e1 hora de abordar un proxecto.<\/p>\n<p>&nbsp;<\/p>\n<h2>Condici\u00f3ns de acceso<\/h2>\n<p>\tUn ordenador con acceso a Internet.\t<\/p>\n<p>&nbsp;<\/p>\n<h2>Criterios de selecci\u00f3n<\/h2>\n<p>Por orde de preinscrici\u00f3n\t<\/p>\n<p>&nbsp;<\/p>\n<h2>Metodolox\u00eda<\/h2>\n<p><p>1. Introduci\u00f3n<\/p>\n<ul class=\"list-peak\" style=\"margin-top:10px\">\n<li>Introduci\u00f3n \u00e1 edici\u00f3n dixital<\/li>\n<li>Software libre e software non libre<\/li>\n<li>Cultura libre e Creative Commons<\/li>\n<li>Formatos est\u00e1ndares<\/li>\n<li>Conceptos b\u00e1sicos sobre imaxe e cores<\/li>\n<li>Formatos de imaxe<\/li>\n<li>Software de retoque e edici\u00f3n de imaxes<\/li>\n<li>Obter recursos libres<\/li>\n<\/ul>\n<p>2. Primeiros pasos<\/p>\n<ul class=\"list-peak\" style=\"margin-top:10px\">\n<li>Tarefas b\u00e1sicas de edici\u00f3n: Gardar en varios formatos. Capturar unha imaxe. Escalar e comprimir. Recortar e endereitar. Axustando cores. Equilibrar niveis. Modos de cor e transparencia. Ollos vermellos<\/li>\n<li>Capas: Entendendo as capas. O di\u00e1logo Capas. Manipulando capas. Capas flotantes. Copiando e transformando. Combinando capas.<\/li>\n<\/ul>\n<p>3. Pintura e selecci\u00f3ns<\/p>\n<ul class=\"list-peak\" style=\"margin-top:10px\">\n<li>Ferramentas de pintura: Opci\u00f3ns de ferramenta. Pinceis, lata e gradaci\u00f3ns. Clonado e reparado. M\u00e1is ferramentas de pintura.<\/li>\n<li>Ferramentas de selecci\u00f3n: Rectangular e el\u00edptica. Difusa e Cor. Editor de selecci\u00f3n. Tesoiras. Primeiro plano.<\/li>\n<li>Desatascarse<\/li>\n<\/ul>\n<p>4. Tratamento da cor, transformaci\u00f3ns e filtros<\/p>\n<ul class=\"list-peak\" style=\"margin-top:10px\">\n<li>Textos<\/li>\n<li>Transformaci\u00f3ns: Ali\u00f1amento. Perspectiva<\/li>\n<li>Ferramentas de cor: Histograma. Ferramenta Curvas<\/li>\n<li>M\u00e1scara de capa<\/li>\n<li>Filtros<\/li>\n<li>Outras aplicaci\u00f3ns: Dese\u00f1o vectorial. DTP. Ilustraci\u00f3n dixital<\/li>\n<\/ul>\n<p>&nbsp;<\/p>\n<h2>Titulaci\u00f3n<\/h2>\n<p>Curso en&nbsp;Creaci\u00f3n e tratamento de imaxes e fotograf\u00edas con GIMP (CIXUG)<\/p>\n<p>&nbsp;<\/p>\n<div class=\"custom-block graylight\">\n<h3>M\u00e1is informaci\u00f3n<\/h3>\n<p><a href=\"https:\/\/www.cixug.gal\/cursos\/2026-cxg-gimp\/\" target=\"_blank\">https:\/\/www.cixug.gal\/cursos\/2026-cxg-gimp\/<\/a><\/p>\n<\/p><\/div>\n","protected":false},"featured_media":0,"parent":0,"template":"","meta":{"_monsterinsights_skip_tracking":false,"_monsterinsights_sitenote_active":false,"_monsterinsights_sitenote_note":"","_monsterinsights_sitenote_category":0},"class_list":["post-300868","sigma_course","type-sigma_course","status-publish","hentry"],"_links":{"self":[{"href":"https:\/\/cpfp.uvigo.gal\/gl\/wp-json\/wp\/v2\/sigma_course\/300868","targetHints":{"allow":["GET"]}}],"collection":[{"href":"https:\/\/cpfp.uvigo.gal\/gl\/wp-json\/wp\/v2\/sigma_course"}],"about":[{"href":"https:\/\/cpfp.uvigo.gal\/gl\/wp-json\/wp\/v2\/types\/sigma_course"}],"wp:attachment":[{"href":"https:\/\/cpfp.uvigo.gal\/gl\/wp-json\/wp\/v2\/media?parent=300868"}],"curies":[{"name":"wp","href":"https:\/\/api.w.org\/{rel}","templated":true}]}}