
{"id":300877,"date":"2025-04-30T09:26:10","date_gmt":"2025-04-30T07:26:10","guid":{"rendered":"https:\/\/cpfp.uvigo.gal\/estudos\/titulos-propios\/id1186-1\/"},"modified":"2025-04-30T09:26:10","modified_gmt":"2025-04-30T07:26:10","slug":"id1186-1","status":"publish","type":"sigma_course","link":"https:\/\/cpfp.uvigo.gal\/gl\/estudos\/titulos-propios\/id1186-1\/","title":{"rendered":"Edici\u00f3n de v\u00eddeo coa ferramienta DaVinci Resolve (CIXUG)"},"content":{"rendered":"<div class=\"entry-thumbnail\">\n<p><img decoding=\"async\" src=\"https:\/\/cpfp.uvigo.gal\/wp-content\/plugins\/uvigo-sigma-courses\/public\/images\/1186-1.jpg\" alt=\"Edici\u00f3n de v\u00eddeo coa ferramienta DaVinci Resolve (CIXUG)\" class=\"img-fluid\"><\/p>\n<\/div>\n<div class=\"row\">\n<div class=\"col-lg-12\">\n<h3>Programas de formaci\u00f3n permanente do profesorado<\/h3>\n<p class=\"header-list\">\u00c1mbito: Interdisciplinar<span class=\"pull-right\">C\u00f3digo: TCS:1186\/1<\/span><br \/>\n\t\t\u00c1rea de interese principal: Transversal | \u00c1rea de interese secundaria: Transversal<\/p>\n<div class=\"custom-block graylight\">\n<div class=\"row\">\n<div class=\"col lg-4\">\n<h3>Inicio e fin<\/h3>\n<p><i class=\"fa fa-calendar\"><\/i> 05\/05\/2025 &#8211; 06\/06\/2025 <\/p>\n<\/p><\/div>\n<div class=\"col lg-3\">\n<h3>Modalidade<\/h3>\n<p>\t\t\t\t\t\t<i class=\"fa fa-laptop\" aria-hidden=\"true\"><\/i> As\u00edncrona (en li\u00f1a)\t\t\t\t<\/div>\n<div class=\"col lg-2\">\n<h3>Cr\u00e9ditos ECTS<\/h3>\n<p><i class=\"fa fa-shield\"><\/i> 0.0 ECTS<\/p>\n<\/p><\/div>\n<div class=\"col lg-3\">\n<h3>Estado<\/h3>\n<p><i class=\"fa fa-cogs\" aria-hidden=\"true\"><\/i> Finalizado\t\t\t\t\t<\/p>\n<\/p><\/div>\n<\/p><\/div>\n<\/p><\/div>\n<p class=\"mb-2\"><a class=\"btn btn-outline-primary disabled\" style=\"text-transform:none!important\" href=\"xxxx\" target=\"_blank\">20 prazas<\/a><\/p>\n<\/p><\/div>\n<\/div>\n<p>&nbsp;<\/p>\n<h2>Descrici\u00f3n<\/h2>\n<p>Davinci Resolve \u00e9 un programa gratu\u00edto e cada vez mais en uso polos profesionais da industria, v\u00e1lido para calquera software de edici\u00f3n. DaVinci Resolve \u00e9 a \u00fanica soluci\u00f3n do comprado que combina ferramentas profesionais para editar, etalonar, compo\u00f1er efectos visuais, crear animaci\u00f3ns gr\u00e1ficas e mesturar audio nun s\u00f3 programa.<\/p>\n<p>O curso estar\u00e1 dividivo en dous grupos, un primeiro grupo de 10 persoas e un segundo grupo de 20 persoas, no que atrav\u00e9s de 20 horas de sesi\u00f3ns en li\u00f1a repartidas en 10 videoconferencias en directo, e 10 horas de traballo aut\u00f3nomo,&nbsp; o estudante poder\u00e1 adquirir as noci\u00f3ns b\u00e1sicas para poder empezar a crear proxectos de v\u00eddeo profesionais con esta ferramenta.<\/p>\n<p>&nbsp;<\/p>\n<div class=\"row\">\n<div class=\"col-lg-6\">\n<p class=\"header-list\">Tel\u00e9fono contacto:<\/p>\n<p>986 130 304<\/p>\n<p class=\"header-list\">Email contacto:<\/p>\n<p>cpfp@uvigo.es<\/p>\n<p class=\"header-list\">Entidade organizadora:<\/p>\n<p>Centro de Posgrado y Formaci\u00f3n Permanente e CIXUG<\/p>\n<\/p><\/div>\n<div class=\"col-lg-6\">\n<div class=\"card\">\n<div class=\"card-body\">\n<p style=\"color:#dc3545\" class=\"header-list\">PER\u00cdODO DE INSCRICI\u00d3N<br \/>\n\t\t\t<small>Inscrici\u00f3n pechada<\/small><br \/>\n\t\t\t10\/04\/2025 &#8211; 22\/04\/2025<\/p>\n<p><\/p>\n<hr \/>\n<p style=\"color:#dc3545\" class=\"header-list\">PER\u00cdODO DE MATR\u00cdCULA<br \/>\n\t\t\t<small>Matr\u00edcula pechada<\/small><br \/>\n\t\t\t23\/04\/2025 &#8211; 28\/04\/2025<\/p>\n<\/p><\/div>\n<\/p><\/div>\n<p><\/p>\n<p class=\"mb-2\"><a class=\"btn btn-primary btn-icon disabled\" style=\"text-transform:none!important\" href=\"https:\/\/secretaria.uvigo.gal\/uvigo.sv\/index.php?modulo=portalAcademico\" target=\"_blank\" rel=\"noopener noreferrer\">Matr\u00edcula pechada<\/a><\/p>\n<\/p><\/div>\n<\/div>\n<p>&nbsp;<\/p>\n<p>&nbsp;<\/p>\n<h2>Modalidade<\/h2>\n<div class=\"card\">\n<div class=\"row\">\n<div class=\"col lg-6\">\n<div class=\"card-body\">\n<h3 class=\"card-title\">Docencia presencial\/virtual<\/h3>\n<p style=\"color:green\"><i class=\"fa fa-check-square-o fa-3x\" aria-hidden=\"true\"><\/i><\/p>\n<p>30 horas<\/p>\n<\/p><\/div>\n<\/p><\/div>\n<div class=\"col lg-3\">\n<div class=\"card-body\">\n<h3 class=\"card-title\">Docencia non presencial<\/h3>\n<p><i class=\"fa fa-minus fa-3x\" aria-hidden=\"true\"><\/i><\/p>\n<p>0 horas<\/p>\n<\/p><\/div>\n<\/p><\/div>\n<div class=\"col lg-3\">\n<div class=\"card-body\">\n<h3 class=\"card-title\">Pr\u00e1cticas en empresa<\/h3>\n<p><i class=\"fa fa-minus fa-3x\" aria-hidden=\"true\"><\/i><\/p>\n<p>0 horas<\/p>\n<\/p><\/div>\n<\/p><\/div>\n<\/p><\/div>\n<div class=\"row\">\n<div class=\"col lg-12\">\n<div class=\"card-body\">\n<p><strong>Lugar de impartici\u00f3n<\/strong><br \/>\nFormato Videoconferencia\t<\/div>\n<\/p><\/div>\n<\/p><\/div>\n<\/div>\n<p>&nbsp;<\/p>\n<h2>Horario<\/h2>\n<div>O curso estar\u00e1 dividido en 10 sesi\u00f3ns en formato de videoconferencia de duas horas de duraci\u00f3n na que se incluir\u00e1n tanto conceptos te\u00f3ricos da ferramenta, como pr\u00e1cticos, xa sexa aprendendo a usar a ferramenta, exemplos pr\u00e1cticos, exercicios&#8230;<\/div>\n<div><\/div>\n<div>Ditas sesi\u00f3ns ser\u00e1n impartidas do seguinte xeito:<\/div>\n<div><\/div>\n<div>Grupo 2, persoal UVI, luns e venres de 12:15 a 14:15<\/div>\n<div>1ra sesi\u00f3n luns 5 de maio<\/div>\n<div>2da sesi\u00f3n venres 9 de maio<\/div>\n<div>3ra sesi\u00f3n luns 12 de maio<\/div>\n<div>4ta sesi\u00f3n venres 16 de maio<\/div>\n<div>5ta sesi\u00f3n luns 19 de maio<\/div>\n<div>6ta sesi\u00f3n venres 23 de maio<\/div>\n<div>7ma sesi\u00f3n luns 26 de maio<\/div>\n<div>8va sesi\u00f3n venres 30 de maio<\/div>\n<div>9na sesi\u00f3n luns 2 de xu\u00f1o<\/div>\n<div>10ma sesi\u00f3n venres 6 de xu\u00f1o<\/div>\n<\/p>\n<p>&nbsp;<\/p>\n<p>&nbsp;<\/p>\n<h2>Obxectivos<\/h2>\n<p>\tFamiliarizar aos estudantes c\u00f3 entorno e as ferramentas b\u00e1sicas de DaVinci Resolve.\t<\/p>\n<p>&nbsp;<\/p>\n<h2>Destinatarios<\/h2>\n<p>\tPDI\t<\/p>\n<p>&nbsp;<\/p>\n<h2>Competencias Espec\u00edficas<\/h2>\n<p>Obter co\u00f1ecementos b\u00e1sicos e co\u00f1ecer o entorno e as ferramentas b\u00e1sicas de DaVinci Resolve.<\/p>\n<p>Aprender t\u00e9cnicas de edici\u00f3n, correcci\u00f3n de cor e postproducci\u00f3n.<\/p>\n<p>Ser capaces de crear proxectos de v\u00eddeo profesionais.<\/p>\n<p>&nbsp;<\/p>\n<h2>Condici\u00f3ns de acceso<\/h2>\n<p>\tSer&nbsp; PDI da Universidade de Vigo\t<\/p>\n<p>&nbsp;<\/p>\n<h2>Criterios de selecci\u00f3n<\/h2>\n<p>Orde de preinscrici\u00f3n\t<\/p>\n<p>&nbsp;<\/p>\n<h2>Metodolox\u00eda<\/h2>\n<p><div>1.- Configuramos o teclado<\/div>\n<div>2.- Que \u00e9 unha multic\u00e1mara<\/div>\n<div>3.- Sincronizaci\u00f3n e creaci\u00f3n de clips multic\u00e1mara<\/div>\n<div>4.- Montando a multic\u00e1mara<\/div>\n<div>5.- O freeze frame<\/div>\n<div>6.- Reencadrando os planos<\/div>\n<div>7.- Montando a ritmo de m\u00fasica<\/div>\n<div>8.- T\u00edtulos desde Photoshop<\/div>\n<div>9.- Unha multic\u00e1mara de estudio<\/div>\n<\/p>\n<p>&nbsp;<\/p>\n<h2>Profesorado<\/h2>\n<p>Xurxo Senra<\/p>\n<p>&nbsp;<\/p>\n<h2>Avaliaci\u00f3n<\/h2>\n<p><p>Ao final do curso realizar\u00e1se un proxecto final no que se englobe todo o aprendido e se demostren os co\u00f1ecementos adquiridos.<\/p>\n<p>A asistencia tamen pode ser outro punto avaliable.<\/p>\n<\/p>\n<p>&nbsp;<\/p>\n<h2>Titulaci\u00f3n<\/h2>\n<p><span style=\"font-family: Roboto, Verdana, Arial, sans-serif\">A superaci\u00f3n desta actividade formativa ser\u00e1 acreditada pola Vicerreitor\u00eda de Titulaci\u00f3ns e Innovaci\u00f3n Docente da Universidade de Vigo<\/span><\/p>\n<p>&nbsp;<\/p>\n<div class=\"custom-block graylight\">\n<h3>M\u00e1is informaci\u00f3n<\/h3>\n<p><a href=\"https:\/\/formar.cixug.es\/\" target=\"_blank\">Formaci\u00f3n en li\u00f1a a trav\u00e9s da Aula virtual do CIXUG: https:\/\/formar.cixug.es\/<\/a><\/p>\n<\/p><\/div>\n","protected":false},"featured_media":0,"parent":0,"template":"","meta":{"_monsterinsights_skip_tracking":false,"_monsterinsights_sitenote_active":false,"_monsterinsights_sitenote_note":"","_monsterinsights_sitenote_category":0},"class_list":["post-300877","sigma_course","type-sigma_course","status-publish","hentry"],"_links":{"self":[{"href":"https:\/\/cpfp.uvigo.gal\/gl\/wp-json\/wp\/v2\/sigma_course\/300877","targetHints":{"allow":["GET"]}}],"collection":[{"href":"https:\/\/cpfp.uvigo.gal\/gl\/wp-json\/wp\/v2\/sigma_course"}],"about":[{"href":"https:\/\/cpfp.uvigo.gal\/gl\/wp-json\/wp\/v2\/types\/sigma_course"}],"wp:attachment":[{"href":"https:\/\/cpfp.uvigo.gal\/gl\/wp-json\/wp\/v2\/media?parent=300877"}],"curies":[{"name":"wp","href":"https:\/\/api.w.org\/{rel}","templated":true}]}}