
{"id":300880,"date":"2025-04-30T09:25:36","date_gmt":"2025-04-30T07:25:36","guid":{"rendered":"https:\/\/cpfp.uvigo.gal\/estudos\/titulos-propios\/id1187-1\/"},"modified":"2025-04-30T09:25:36","modified_gmt":"2025-04-30T07:25:36","slug":"id1187-1","status":"publish","type":"sigma_course","link":"https:\/\/cpfp.uvigo.gal\/gl\/estudos\/titulos-propios\/id1187-1\/","title":{"rendered":"Creaci\u00f3n de infograf\u00edas e dese\u00f1os vectoriais (CIXUG)"},"content":{"rendered":"<div class=\"entry-thumbnail\">\n<p><img decoding=\"async\" src=\"https:\/\/cpfp.uvigo.gal\/wp-content\/plugins\/uvigo-sigma-courses\/public\/images\/1187-1.jpg\" alt=\"Creaci\u00f3n de infograf\u00edas e dese\u00f1os vectoriais (CIXUG)\" class=\"img-fluid\"><\/p>\n<\/div>\n<div class=\"row\">\n<div class=\"col-lg-12\">\n<h3>Programas de formaci\u00f3n permanente do profesorado<\/h3>\n<p class=\"header-list\">\u00c1mbito: Interdisciplinar<span class=\"pull-right\">C\u00f3digo: TCS:1187\/1<\/span><br \/>\n\t\t\u00c1rea de interese principal: Transversal | \u00c1rea de interese secundaria: Transversal<\/p>\n<div class=\"custom-block graylight\">\n<div class=\"row\">\n<div class=\"col lg-4\">\n<h3>Inicio e fin<\/h3>\n<p><i class=\"fa fa-calendar\"><\/i> 12\/05\/2025 &#8211; 13\/06\/2025 <\/p>\n<\/p><\/div>\n<div class=\"col lg-3\">\n<h3>Modalidade<\/h3>\n<p>\t\t\t\t\t\t<i class=\"fa fa-laptop\" aria-hidden=\"true\"><\/i> As\u00edncrona (en li\u00f1a)\t\t\t\t<\/div>\n<div class=\"col lg-2\">\n<h3>Cr\u00e9ditos ECTS<\/h3>\n<p><i class=\"fa fa-shield\"><\/i> 0.0 ECTS<\/p>\n<\/p><\/div>\n<div class=\"col lg-3\">\n<h3>Estado<\/h3>\n<p><i class=\"fa fa-cogs\" aria-hidden=\"true\"><\/i> Finalizado\t\t\t\t\t<\/p>\n<\/p><\/div>\n<\/p><\/div>\n<\/p><\/div>\n<p class=\"mb-2\"><a class=\"btn btn-outline-primary disabled\" style=\"text-transform:none!important\" href=\"xxxx\" target=\"_blank\">10 prazas<\/a><\/p>\n<\/p><\/div>\n<\/div>\n<p>&nbsp;<\/p>\n<h2>Descrici\u00f3n<\/h2>\n<p>A creaci\u00f3n visual de composici\u00f3ns gr\u00e1ficas est\u00e1 ao orde do d\u00eda. Sobre todo nestes tempos, onde a comunicaci\u00f3n visual \u00e9 esencial para achegar informaci\u00f3n en todo \u00e1mbito, dende a educaci\u00f3n ou a informaci\u00f3n, ata a publicidade ou a presentaci\u00f3n comercial. A infograf\u00eda \u00e9 outra forma de representaci\u00f3n visual informativa na que se combinan diagramas visuais xunto con texto para resumir ou explicar figurativamente ideas e conceptos. Para esta transmisi\u00f3n de informaci\u00f3n empr\u00e9ganse diversos tipos de gr\u00e1ficos e signos non ling\u00fc\u00edsticos e ling\u00fc\u00edsticos (pictogramas, ideogramas e logogramas) formando descrici\u00f3ns, secuencias expositivas ou narrativas e mesmo interpretativas. Coa intenci\u00f3n ante todo did\u00e1ctica, a infograf\u00eda naceu como un medio de transmitir informaci\u00f3n gr\u00e1fica de forma m\u00e1is din\u00e1mica, viva e imaxinativa. A infograf\u00eda apl\u00edcase principalmente en revistas, documentos, xornais, folletos, p\u00e1xinas da internet, educaci\u00f3n, libros, etc.<\/p>\n<p> O prop\u00f3sito \u00e9 que os gr\u00e1ficos chamen a atenci\u00f3n de quen os visualiza polas cores, imaxes ou dese\u00f1os. Como o seu impacto visual \u00e9 moi elevado, provoca viralidad na publicaci\u00f3n e incrementa en forma exponencial o alcance da mesma. Para a elaboraci\u00f3n destas tarefas, traballarase principalmente coa aplicaci\u00f3n de dese\u00f1o Inkscape. Esta ferramenta \u00e9 un editor de gr\u00e1ficos vectoriais potente, c\u00f3moda e de c\u00f3digo aberto, especialmente compatible cos est\u00e1ndares que se usan en Internet. Con este curso pers\u00e9guese que os participantes adquiran as noci\u00f3ns e habilidades necesarias para a creaci\u00f3n de elaboradas infograf\u00edas coas amplas posibilidades que ofrece o mundo vectorial de Inkscape, e por suposto, coa propia imaxinaci\u00f3n do creador. <\/p>\n<p>Ademais de aprender a usar este programa de edici\u00f3n, tam\u00e9n se tratar\u00e1n certos aspectos concretos sobre dese\u00f1o gr\u00e1fico. Evidentemente non s\u00f3 se aprender\u00e1n a facer infograf\u00edas, sen\u00f3n moitas outras composici\u00f3ns gr\u00e1ficas m\u00e1is b\u00e1sicas, como sombras, gradientes, logotipos, sinais, etc, que logo completar\u00e1n e formar\u00e1n parte das propias infograf\u00edas finais. Tam\u00e9n se abordar\u00e1n outros aspectos interesantes como a busca e obtenci\u00f3n de imaxes (fontes de uso legal de imaxes para as nosas composici\u00f3ns), diferenciar entre imaxes de mapas de bits e vectoriais, cando usar unhas ou outras, como integralas nunha mesma composici\u00f3n, e incluso como transformar unhas imaxes dun tipo noutro.<\/p>\n<p>&nbsp;<\/p>\n<div class=\"row\">\n<div class=\"col-lg-6\">\n<p class=\"header-list\">Director\/a:<\/p>\n<p>\u00d3scar Fern\u00e1ndez Carballo<\/p>\n<p class=\"header-list\">Tel\u00e9fono contacto:<\/p>\n<p>986 130 304<\/p>\n<p class=\"header-list\">Email contacto:<\/p>\n<p>cpfp@uvigo.es;  osfeka@gmail.com<\/p>\n<p class=\"header-list\">Entidade organizadora:<\/p>\n<p>Centro de Posgrado y Formaci\u00f3n Permanente e CIXUG<\/p>\n<\/p><\/div>\n<div class=\"col-lg-6\">\n<div class=\"card\">\n<div class=\"card-body\">\n<p style=\"color:#dc3545\" class=\"header-list\">PER\u00cdODO DE INSCRICI\u00d3N<br \/>\n\t\t\t<small>Inscrici\u00f3n pechada<\/small><br \/>\n\t\t\t25\/04\/2025 &#8211; 05\/05\/2025<\/p>\n<p><\/p>\n<hr \/>\n<p style=\"color:#dc3545\" class=\"header-list\">PER\u00cdODO DE MATR\u00cdCULA<br \/>\n\t\t\t<small>Matr\u00edcula pechada<\/small><br \/>\n\t\t\t06\/05\/2025 &#8211; 08\/05\/2025<\/p>\n<\/p><\/div>\n<\/p><\/div>\n<p><\/p>\n<p class=\"mb-2\"><a class=\"btn btn-primary btn-icon disabled\" style=\"text-transform:none!important\" href=\"https:\/\/secretaria.uvigo.gal\/uvigo.sv\/index.php?modulo=portalAcademico\" target=\"_blank\" rel=\"noopener noreferrer\">Matr\u00edcula pechada<\/a><\/p>\n<\/p><\/div>\n<\/div>\n<p>&nbsp;<\/p>\n<p>&nbsp;<\/p>\n<h2>Modalidade<\/h2>\n<div class=\"card\">\n<div class=\"row\">\n<div class=\"col lg-6\">\n<div class=\"card-body\">\n<h3 class=\"card-title\">Docencia presencial\/virtual<\/h3>\n<p style=\"color:green\"><i class=\"fa fa-check-square-o fa-3x\" aria-hidden=\"true\"><\/i><\/p>\n<p>24 horas<\/p>\n<\/p><\/div>\n<\/p><\/div>\n<div class=\"col lg-3\">\n<div class=\"card-body\">\n<h3 class=\"card-title\">Docencia non presencial<\/h3>\n<p><i class=\"fa fa-minus fa-3x\" aria-hidden=\"true\"><\/i><\/p>\n<p>0 horas<\/p>\n<\/p><\/div>\n<\/p><\/div>\n<div class=\"col lg-3\">\n<div class=\"card-body\">\n<h3 class=\"card-title\">Pr\u00e1cticas en empresa<\/h3>\n<p><i class=\"fa fa-minus fa-3x\" aria-hidden=\"true\"><\/i><\/p>\n<p>0 horas<\/p>\n<\/p><\/div>\n<\/p><\/div>\n<\/p><\/div>\n<div class=\"row\">\n<div class=\"col lg-12\">\n<div class=\"card-body\">\n<p><strong>Lugar de impartici\u00f3n<\/strong><br \/>\non line\t<\/div>\n<\/p><\/div>\n<\/p><\/div>\n<\/div>\n<p>&nbsp;<\/p>\n<h2>Horario<\/h2>\n<div><span style=\"font-size:11.0pt;,sans-serif\">Datas das 4 videoconferencias:<\/span><\/div>\n<div><span style=\"font-size:11.0pt;,sans-serif\"><br \/><\/span><\/div>\n<ul type=\"disc\">\n<li class=\"MsoNormal\"><span style=\"font-size:     12.0pt\">13\/05, martes, de 17:15h a 18:15h<\/span><\/li>\n<li class=\"MsoNormal\"><span style=\"font-size:     12.0pt\">20\/05, martes, de 16:00h a 17:00h<\/span><\/li>\n<li class=\"MsoNormal\"><span style=\"font-size:     12.0pt\">27\/05, martes, de 17:15h a 18:15h<\/span><\/li>\n<li class=\"MsoNormal\" id=\"yui_3_17_2_1_1742382920998_81\"><span style=\"font-size:12.0pt\">03\/06, martes, de 16:00h a 17:00h<\/span><\/li>\n<\/ul>\n<p>&nbsp;<\/p>\n<p>&nbsp;<\/p>\n<h2>Obxectivos<\/h2>\n<p>\tO obxectivo deste curso \u00e9 crear infograf\u00edas e dese\u00f1os vectoriais utilizando as prestaci\u00f3ns que proporciona a ferramenta Inkscape.\t<\/p>\n<p>&nbsp;<\/p>\n<h2>Destinatarios<\/h2>\n<p>\tPDI da UVigo\t<\/p>\n<p>&nbsp;<\/p>\n<h2>Competencias Espec\u00edficas<\/h2>\n<p>Co\u00f1ecer os principais sistemas e modelos que fundamentan os sistemas dixitais de creaci\u00f3n de gr\u00e1ficos dixitais.<\/p>\n<p>Co\u00f1ecer, obter e capacitar no uso de ferramentas dixitais para a creaci\u00f3n de imaxes vectoriais.<\/p>\n<p>Co\u00f1ecer en detalle as contornas de traballo da edici\u00f3n vectorial, as\u00ed como as s\u00faas ferramentas e as opci\u00f3ns.<\/p>\n<p>Localizar e obter imaxes de forma \u00e9tica e legal para complementar as nosas composici\u00f3ns gr\u00e1ficas.<\/p>\n<p>Distinguir entre diferentes tipos de imaxes e saber o seu uso m\u00e1is adecuado.<\/p>\n<p>Crear ou modificar calquera tipo de composici\u00f3n visual, para combinala en calquera proxecto.<\/p>\n<p>Ter presentes os conceptos b\u00e1sicos da cor, composici\u00f3n e escena, para a creaci\u00f3n de infograf\u00edas e composici\u00f3ns complexas.<\/p>\n<p>Mellorar a calidade de calquera traballo dixital (presentaci\u00f3ns, memorias, p\u00e1xinas web&#8230;)<\/p>\n<p>&nbsp;<\/p>\n<h2>Condici\u00f3ns de acceso<\/h2>\n<p>Ser PDI da Uvigo<\/p>\n<p>Prerrequisitos:<\/p>\n<p>Habilidades ofim\u00e1ticas b\u00e1sicas: uso b\u00e1sico de procesadores de texto ou follas de c\u00e1lculo, xesti\u00f3n de ficheiros (copiar, mover, borrar, &#8230;) e interacci\u00f3n b\u00e1sica con calquera sistema operativo.<\/p>\n<p>&nbsp;<\/p>\n<h2>Criterios de selecci\u00f3n<\/h2>\n<p>Orde de preinscrici\u00f3n\t<\/p>\n<p>&nbsp;<\/p>\n<h2>Metodolox\u00eda<\/h2>\n<p><div>1. Introduci\u00f3n<\/div>\n<div><\/div>\n<div>Software gr\u00e1fico libre e software non libre.<\/div>\n<div>Obtenci\u00f3n e instalaci\u00f3n.<\/div>\n<div>Tipos de imaxes e usos.<\/div>\n<div>Interface gr\u00e1fica.<\/div>\n<div>Interface gr\u00e1fica e Inkscape.<\/div>\n<div>Obtenci\u00f3n de recursos gr\u00e1ficos legais.<\/div>\n<div><\/div>\n<div>2. Dese\u00f1o Vectorial b\u00e1sico<\/div>\n<div><\/div>\n<div>Manexo b\u00e1sico de obxectos.<\/div>\n<div>Formas, propiedades e transformaci\u00f3ns.<\/div>\n<div>Orden Z e capas.<\/div>\n<div>Textos e caligraf\u00eda.<\/div>\n<div>Recheos, gradientes e trazos.<\/div>\n<div>Copiar, duplicar e clonar.<\/div>\n<div><\/div>\n<div>3. Nodos e trazos<\/div>\n<div><\/div>\n<div>Transformaci\u00f3ns a trazos.<\/div>\n<div>Operaci\u00f3ns booleanas.<\/div>\n<div>Manexo de nodos.<\/div>\n<div>Vectorizaci\u00f3n.<\/div>\n<div><\/div>\n<div>4. Infograf\u00edas<\/div>\n<div><\/div>\n<div>Significado e busca de informaci\u00f3n.<\/div>\n<div>Composici\u00f3n e proporci\u00f3n est\u00e9tica.<\/div>\n<div>Trucos e consellos para un ilustrador.<\/div>\n<div>Exemplos e traballos completos.<\/div>\n<div><\/div>\n<div>5. Efectos e filtros adicionais<\/div>\n<div><\/div>\n<div>Filtros.<\/div>\n<div>Extensi\u00f3ns.<\/div>\n<div>Pixart.<\/div>\n<div>Interpolaci\u00f3n.<\/div>\n<div>M\u00e1is efectos art\u00edsticos.<\/div>\n<\/p>\n<p>&nbsp;<\/p>\n<h2>Profesorado<\/h2>\n<p><div style=\"text-align: left\"><font color=\"#41560d\" face=\"Xunta Sans, sans-serif\">\u00d3scar Fern\u00e1ndez Carballo<\/font><\/div>\n<\/p>\n<p>&nbsp;<\/p>\n<h2>Avaliaci\u00f3n<\/h2>\n<p>Avaliaci\u00f3n continua, mediante realizaci\u00f3n de exercicios, consultas nos foros etc&#8230;Posibilidade dunha proba final.<\/p>\n<p>&nbsp;<\/p>\n<div class=\"custom-block graylight\">\n<h3>M\u00e1is informaci\u00f3n<\/h3>\n<p><a href=\"https:\/\/formar.cixug.es\/\" target=\"_blank\">Formaci\u00f3n en li\u00f1a a trav\u00e9s da Aula virtual do CIXUG: https:\/\/formar.cixug.es\/<\/a><\/p>\n<\/p><\/div>\n","protected":false},"featured_media":0,"parent":0,"template":"","meta":{"_monsterinsights_skip_tracking":false,"_monsterinsights_sitenote_active":false,"_monsterinsights_sitenote_note":"","_monsterinsights_sitenote_category":0},"class_list":["post-300880","sigma_course","type-sigma_course","status-publish","hentry"],"_links":{"self":[{"href":"https:\/\/cpfp.uvigo.gal\/gl\/wp-json\/wp\/v2\/sigma_course\/300880","targetHints":{"allow":["GET"]}}],"collection":[{"href":"https:\/\/cpfp.uvigo.gal\/gl\/wp-json\/wp\/v2\/sigma_course"}],"about":[{"href":"https:\/\/cpfp.uvigo.gal\/gl\/wp-json\/wp\/v2\/types\/sigma_course"}],"wp:attachment":[{"href":"https:\/\/cpfp.uvigo.gal\/gl\/wp-json\/wp\/v2\/media?parent=300880"}],"curies":[{"name":"wp","href":"https:\/\/api.w.org\/{rel}","templated":true}]}}