
{"id":300895,"date":"2025-05-08T12:58:53","date_gmt":"2025-05-08T10:58:53","guid":{"rendered":"https:\/\/cpfp.uvigo.gal\/estudos\/titulos-propios\/id1190-1\/"},"modified":"2025-05-08T12:58:53","modified_gmt":"2025-05-08T10:58:53","slug":"id1190-1","status":"publish","type":"sigma_course","link":"https:\/\/cpfp.uvigo.gal\/gl\/estudos\/titulos-propios\/id1190-1\/","title":{"rendered":"Publicaci\u00f3ns dixitais profesionais: dese\u00f1o, autoedici\u00f3n, maquetaci\u00f3n e diagramaci\u00f3n con Scribus (CIXUG)"},"content":{"rendered":"<div class=\"entry-thumbnail\">\n<p><img decoding=\"async\" src=\"https:\/\/cpfp.uvigo.gal\/wp-content\/plugins\/uvigo-sigma-courses\/public\/images\/1190-1.jpg\" alt=\"Publicaci\u00f3ns dixitais profesionais: dese\u00f1o, autoedici\u00f3n, maquetaci\u00f3n e diagramaci\u00f3n con Scribus (CIXUG)\" class=\"img-fluid\"><\/p>\n<\/div>\n<div class=\"row\">\n<div class=\"col-lg-12\">\n<h3>Programas de formaci\u00f3n permanente do profesorado<\/h3>\n<p class=\"header-list\">\u00c1mbito: Interdisciplinar<span class=\"pull-right\">C\u00f3digo: TCS:1190\/1<\/span><br \/>\n\t\t\u00c1rea de interese principal: Transversal | \u00c1rea de interese secundaria: Transversal<\/p>\n<div class=\"custom-block graylight\">\n<div class=\"row\">\n<div class=\"col lg-4\">\n<h3>Inicio e fin<\/h3>\n<p><i class=\"fa fa-calendar\"><\/i> 26\/05\/2025 &#8211; 27\/06\/2025 <\/p>\n<\/p><\/div>\n<div class=\"col lg-3\">\n<h3>Modalidade<\/h3>\n<p>\t\t\t\t\t\t<i class=\"fa fa-laptop\" aria-hidden=\"true\"><\/i> As\u00edncrona (en li\u00f1a)\t\t\t\t<\/div>\n<div class=\"col lg-2\">\n<h3>Cr\u00e9ditos ECTS<\/h3>\n<p><i class=\"fa fa-shield\"><\/i> 0.0 ECTS<\/p>\n<\/p><\/div>\n<div class=\"col lg-3\">\n<h3>Estado<\/h3>\n<p><i class=\"fa fa-cogs\" aria-hidden=\"true\"><\/i> Finalizado\t\t\t\t\t<\/p>\n<\/p><\/div>\n<\/p><\/div>\n<\/p><\/div>\n<p class=\"mb-2\"><a class=\"btn btn-outline-primary disabled\" style=\"text-transform:none!important\" href=\"xxxx\" target=\"_blank\">10 prazas<\/a><\/p>\n<\/p><\/div>\n<\/div>\n<p>&nbsp;<\/p>\n<h2>Descrici\u00f3n<\/h2>\n<p>Hai certos traballos dixitais que non se poden levar a cabo con procesadores de texto tradicionais se se queren obter resultados profesionais de publicaci\u00f3ns como se poden ver nas revistas, peri\u00f3dicos ou libros comerciais. Para eses casos \u00e9 necesario un software espec\u00edfico para autoedici\u00f3n e maquetaci\u00f3n que faciliten e automaticen a composici\u00f3n, dese\u00f1o e diagramaci\u00f3n de p\u00e1xinas. Pois Scribus fai posible a creaci\u00f3n dunha gran variedade de documentos e formularios, as\u00ed como a impresi\u00f3n en diferentes formatos, tanto para a publicaci\u00f3n a gran escala, como para a distribuci\u00f3n a menor escala.<\/p>\n<p>Con Scribus p\u00f3dese crear calquera tipo de documentos e publicaci\u00f3ns: murais ou p\u00f3sters, fichas de traballo, carteis, d\u00edpticos, tr\u00edpticos, folletos, e-books (libros e revistas electr\u00f3nicas), peri\u00f3dicos e revistas impresas, bolet\u00edns de noticias, libros, formularios, orlas, diplomas, calendarios, certificados, impresos, anuncios, propaganda (publicidade institucional), collages ou composici\u00f3ns crom\u00e1ticas (expresi\u00f3n pl\u00e1stica), ficheiros PDF protexidos mediante password, formularios en PDF, ficheiros para equipos profesionais de filmaci\u00f3n de imaxes, presentaci\u00f3ns animadas e interactivas en formato PDF, etc.<\/p>\n<p>Desta forma, unha vez finalizado o curso, o alumno estar\u00e1 capacitado para dese\u00f1ar, crear e maquetar documentos inclu\u00edndo textos, columnas period\u00edsticas, imaxes, t\u00e1boas, formas xeom\u00e9tricas, li\u00f1as e outros elementos de composici\u00f3n gr\u00e1fica.<\/p>\n<p> E todo iso cunha liberdade art\u00edstica case total e unha harmon\u00eda entre texto e demais obxectos que s\u00f3 poden ofrecer os software de autoedici\u00f3n. Scribus \u00e9 un completo programa de autoedici\u00f3n ou DTP (Desktop Publishing), excelente maquetador e alternativa gratuita e libre a programas profesionais comerciais como Adobe PageMaker, QuarkXPress e Adobe InDesign. Fronte ao software privativo, Scribus \u00e9 un potente software que ofrece un excelente rendemento na creaci\u00f3n asistida de publicaci\u00f3ns mediante ordenador.<\/p>\n<p>&nbsp;<\/p>\n<div class=\"row\">\n<div class=\"col-lg-6\">\n<p class=\"header-list\">Director\/a:<\/p>\n<p>\u00d3scar Fern\u00e1ndez Carballo <\/p>\n<p class=\"header-list\">Tel\u00e9fono contacto:<\/p>\n<p>986 130 304<\/p>\n<p class=\"header-list\">Email contacto:<\/p>\n<p>osfeka@gmail.com, cpfp.innovacion@uvigo.gal<\/p>\n<p class=\"header-list\">Entidade organizadora:<\/p>\n<p>Centro de Posgrado e Formaci\u00f3n Permanente<\/p>\n<\/p><\/div>\n<div class=\"col-lg-6\">\n<div class=\"card\">\n<div class=\"card-body\">\n<p style=\"color:#dc3545\" class=\"header-list\">PER\u00cdODO DE INSCRICI\u00d3N<br \/>\n\t\t\t<small>Inscrici\u00f3n pechada<\/small><br \/>\n\t\t\t09\/05\/2025 &#8211; 18\/05\/2025<\/p>\n<p><\/p>\n<hr \/>\n<p style=\"color:#dc3545\" class=\"header-list\">PER\u00cdODO DE MATR\u00cdCULA<br \/>\n\t\t\t<small>Matr\u00edcula pechada<\/small><br \/>\n\t\t\t19\/05\/2025 &#8211; 21\/05\/2025<\/p>\n<\/p><\/div>\n<\/p><\/div>\n<p><\/p>\n<p class=\"mb-2\"><a class=\"btn btn-primary btn-icon disabled\" style=\"text-transform:none!important\" href=\"https:\/\/secretaria.uvigo.gal\/uvigo.sv\/index.php?modulo=portalAcademico\" target=\"_blank\" rel=\"noopener noreferrer\">Matr\u00edcula pechada<\/a><\/p>\n<\/p><\/div>\n<\/div>\n<p>&nbsp;<\/p>\n<p>&nbsp;<\/p>\n<h2>Modalidade<\/h2>\n<div class=\"card\">\n<div class=\"row\">\n<div class=\"col lg-6\">\n<div class=\"card-body\">\n<h3 class=\"card-title\">Docencia presencial\/virtual<\/h3>\n<p style=\"color:green\"><i class=\"fa fa-check-square-o fa-3x\" aria-hidden=\"true\"><\/i><\/p>\n<p>10 horas<\/p>\n<\/p><\/div>\n<\/p><\/div>\n<div class=\"col lg-3\">\n<div class=\"card-body\">\n<h3 class=\"card-title\">Docencia non presencial<\/h3>\n<p><i class=\"fa fa-minus fa-3x\" aria-hidden=\"true\"><\/i><\/p>\n<p>0 horas<\/p>\n<\/p><\/div>\n<\/p><\/div>\n<div class=\"col lg-3\">\n<div class=\"card-body\">\n<h3 class=\"card-title\">Pr\u00e1cticas en empresa<\/h3>\n<p><i class=\"fa fa-minus fa-3x\" aria-hidden=\"true\"><\/i><\/p>\n<p>0 horas<\/p>\n<\/p><\/div>\n<\/p><\/div>\n<\/p><\/div>\n<div class=\"row\">\n<div class=\"col lg-12\">\n<div class=\"card-body\">\n<p><strong>Lugar de impartici\u00f3n<\/strong><br \/>\nFormaci\u00f3n en l\u00ednea a trav\u00e9s del Aula virtual del CIXUG: https:\/\/formar.cixug.es\/\t<\/div>\n<\/p><\/div>\n<\/p><\/div>\n<\/div>\n<p>&nbsp;<\/p>\n<h2>Horario<\/h2>\n<div>As videoconferencias levaranse a cabo nas seguintes datas:<\/div>\n<div>&nbsp;&nbsp;<\/div>\n<div>martes 27 de maio de 16:00 a 17:00<\/div>\n<div>martes 3 de xu\u00f1o de 17:15 a 18:15<\/div>\n<div>martes 10 de xu\u00f1o de 16:00 a 17:00<\/div>\n<div>martes 17 de xu\u00f1o de 16:00 a 17:00<\/div>\n<\/p>\n<p>&nbsp;<\/p>\n<p>&nbsp;<\/p>\n<h2>Obxectivos<\/h2>\n<p>\tO obxectivo deste curso \u00e9 dar a co\u00f1ecer as prestaci\u00f3ns do software Scribus para autoedici\u00f3n e maquetaci\u00f3n.\t<\/p>\n<p>&nbsp;<\/p>\n<h2>Destinatarios<\/h2>\n<p>\tPDI\t<\/p>\n<p>&nbsp;<\/p>\n<h2>Competencias Espec\u00edficas<\/h2>\n<p>Co\u00f1ecer os programas espec\u00edficos para a autoedici\u00f3n.<\/p>\n<p>Co\u00f1ecer as posibilidades que ofrece a autoedici\u00f3n.<\/p>\n<p>Expresar a creaci\u00f3n e innovaci\u00f3n art\u00edstica en formato dixital.<\/p>\n<p>Compo\u00f1er e distribu\u00edr elementos de dese\u00f1o de forma profesional.<\/p>\n<p>Crear e maquetar formatos dixitais.<\/p>\n<p>Adquirir co\u00f1ecementos da xesti\u00f3n da cor e o seu comportamento na impresi\u00f3n.<\/p>\n<p>Crear documentos con resultados profesionais.<\/p>\n<p>Co\u00f1ecer e usar formatos est\u00e1ndares para a autoedici\u00f3n.<\/p>\n<p>Obter recursos multimedia legais respectando a propiedade intelectual.<\/p>\n<p>Compartir o noso traballo de forma legal, masiva e baixo as condici\u00f3ns que se desexen.<\/p>\n<p>Configurar e adaptar o entorno de maquetaci\u00f3n \u00e1s pretensi\u00f3ns e necesidades do usuario.<\/p>\n<p>Co\u00f1ecer as licenzas que faciliten compartir os nosos traballos.<\/p>\n<p>Preparar documentos para a impresi\u00f3n.<\/p>\n<p>Crear revistas e libros con resultados profesionais.<\/p>\n<p>Protexer os nosos proxectos.<\/p>\n<p>Co\u00f1ecer o obter tipograf\u00edas libres de regal\u00edas e patentes para os documentos.<\/p>\n<p>&nbsp;<\/p>\n<h2>Condici\u00f3ns de acceso<\/h2>\n<p>Ser PDI da Uvigo<\/p>\n<p>Prerrequisitos:<\/p>\n<p>Habilidades ofim\u00e1ticas b\u00e1sicas: uso b\u00e1sico de procesadores de texto ou follas de c\u00e1lculo, xesti\u00f3n de ficheiros (copiar, mover, borrar, &#8230;) e interacci\u00f3n b\u00e1sica con calquera sistema operativo.<\/p>\n<p>&nbsp;<\/p>\n<h2>Criterios de selecci\u00f3n<\/h2>\n<p>Orde de preinscrici\u00f3n\t<\/p>\n<p>&nbsp;<\/p>\n<h2>Metodolox\u00eda<\/h2>\n<ul class=\"list-peak\" style=\"margin-top:10px\">\n<li>&nbsp;Introduci\u00f3n ao curso<\/li>\n<\/ul>\n<p>Software Libre e software non libre<\/p>\n<p>Cultura Libre e Creative Commons<\/p>\n<p>Obter recursos libres<\/p>\n<p>Formatos est\u00e1ndares<\/p>\n<p>Software DTP<\/p>\n<p>&nbsp;<\/p>\n<ul class=\"list-peak\" style=\"margin-top:10px\">\n<li>Introduci\u00f3n a Scribus<\/li>\n<\/ul>\n<p>Espazo de traballo<\/p>\n<p>Configurar un novo documento<\/p>\n<p>Ferramentas de texto<\/p>\n<p>Inserci\u00f3n b\u00e1sica de imaxes<\/p>\n<p>Inserci\u00f3n de texto doutros documentos<\/p>\n<p>Estilos de par\u00e1grafos<\/p>\n<p>Xesti\u00f3n de ficheiros e de proxectos<\/p>\n<p>Inserci\u00f3n de novas p\u00e1xinas<\/p>\n<p>Configuraci\u00f3n b\u00e1sica da contorna<\/p>\n<p>Men\u00fas contextuais<\/p>\n<p>Panel de propiedades<\/p>\n<p>Control do fluxo de textos<\/p>\n<p>Historial de acci\u00f3ns<\/p>\n<p>Traballo con capas<\/p>\n<p>Formas xeom\u00e9tricas<\/p>\n<p>&nbsp;<\/p>\n<ul class=\"list-peak\" style=\"margin-top:10px\">\n<li>Maquetaci\u00f3n avanzada<\/li>\n<\/ul>\n<p>Esquema<\/p>\n<p>Ali\u00f1ar e distribuir<\/p>\n<p>Ordenado de p\u00e1xinas<\/p>\n<p>Medidas<\/p>\n<p>\u00c1lbum de recortes<\/p>\n<p>Formas complexas<\/p>\n<p>Gu\u00edas e t\u00e1boas de maquetaci\u00f3n<\/p>\n<p>O editor interno de estilos<\/p>\n<p>Modelos de traballo<\/p>\n<p>Xesti\u00f3n da cor<\/p>\n<p>Creaci\u00f3n de \u00edndices<\/p>\n<p>Configuraci\u00f3n avanzada<\/p>\n<p>Formularios<\/p>\n<p>&nbsp;<\/p>\n<ul class=\"list-peak\" style=\"margin-top:10px\">\n<li>&nbsp;Finalizaci\u00f3n e entrega<\/li>\n<\/ul>\n<p>Recolecci\u00f3n para a sa\u00edda<\/p>\n<p>Exportaci\u00f3n a PDF<\/p>\n<p>Exportaci\u00f3n a formatos de imaxe<\/p>\n<p>Exportaci\u00f3n a outros formatos<\/p>\n<p>Opci\u00f3ns avanzadas de impresi\u00f3n<\/p>\n<\/p>\n<p>&nbsp;<\/p>\n<h2>Profesorado<\/h2>\n<p>\u00d3scar Fern\u00e1ndez Carballo&nbsp;<\/p>\n<p>&nbsp;<\/p>\n<h2>Avaliaci\u00f3n<\/h2>\n<p><p>Cada un dos temas consta dunha parte te\u00f3rica, onde se detallan os procedementos para traballar coas diferentes opci\u00f3ns de Scribus. Ao final de cada tema hai unha proba de autoavaliaci\u00f3n.<\/p>\n<p>A plataforma mide o tempo de conexi\u00f3n de cada participante, criterio que ser\u00e1 tido en conta:<\/p>\n<p>Participaci\u00f3n (10 horas de conexi\u00f3n como m\u00ednimo).<\/p>\n<p>Avaliaci\u00f3n continua, mediante realizaci\u00f3n de exercicios, consultas nos foros, etc&#8230;<\/p>\n<p>Posibilidade dunha proba final.<\/p>\n<p>Realizaranse 4 videoconferencias voluntarias de aproximadamente 1 hora de duraci\u00f3n, a trav\u00e9s da plataforma Zoom, nas que plantexar e solucionar d\u00fabidas as\u00ed como outros aspectos e din\u00e1micas.<\/p>\n<\/p>\n<p>&nbsp;<\/p>\n","protected":false},"featured_media":0,"parent":0,"template":"","meta":{"_monsterinsights_skip_tracking":false,"_monsterinsights_sitenote_active":false,"_monsterinsights_sitenote_note":"","_monsterinsights_sitenote_category":0},"class_list":["post-300895","sigma_course","type-sigma_course","status-publish","hentry"],"_links":{"self":[{"href":"https:\/\/cpfp.uvigo.gal\/gl\/wp-json\/wp\/v2\/sigma_course\/300895","targetHints":{"allow":["GET"]}}],"collection":[{"href":"https:\/\/cpfp.uvigo.gal\/gl\/wp-json\/wp\/v2\/sigma_course"}],"about":[{"href":"https:\/\/cpfp.uvigo.gal\/gl\/wp-json\/wp\/v2\/types\/sigma_course"}],"wp:attachment":[{"href":"https:\/\/cpfp.uvigo.gal\/gl\/wp-json\/wp\/v2\/media?parent=300895"}],"curies":[{"name":"wp","href":"https:\/\/api.w.org\/{rel}","templated":true}]}}