
{"id":300928,"date":"2025-07-01T11:15:26","date_gmt":"2025-07-01T09:15:26","guid":{"rendered":"https:\/\/cpfp.uvigo.gal\/estudos\/titulos-propios\/id1208-1\/"},"modified":"2025-07-01T11:15:26","modified_gmt":"2025-07-01T09:15:26","slug":"id1208-1","status":"publish","type":"sigma_course","link":"https:\/\/cpfp.uvigo.gal\/gl\/estudos\/titulos-propios\/id1208-1\/","title":{"rendered":"Creaci\u00f3n audiovisual para docencia e divulgaci\u00f3n. Campus Auga"},"content":{"rendered":"<div class=\"entry-thumbnail\">\n<p><img decoding=\"async\" src=\"https:\/\/cpfp.uvigo.gal\/wp-content\/plugins\/uvigo-sigma-courses\/public\/images\/1208-1.jpg\" alt=\"Creaci\u00f3n audiovisual para docencia e divulgaci\u00f3n. Campus Auga\" class=\"img-fluid\"><\/p>\n<\/div>\n<div class=\"row\">\n<div class=\"col-lg-12\">\n<h3>Programas de formaci\u00f3n permanente do profesorado<\/h3>\n<p class=\"header-list\">\u00c1mbito: Interdisciplinar<span class=\"pull-right\">C\u00f3digo: TCS:1208\/1<\/span><br \/>\n\t\t\u00c1rea de interese principal: Transversal | \u00c1rea de interese secundaria: Transversal<\/p>\n<div class=\"custom-block graylight\">\n<div class=\"row\">\n<div class=\"col lg-4\">\n<h3>Inicio e fin<\/h3>\n<p><i class=\"fa fa-calendar\"><\/i> 09\/07\/2025 &#8211; 16\/07\/2025 <\/p>\n<\/p><\/div>\n<div class=\"col lg-3\">\n<h3>Modalidade<\/h3>\n<p>\t\t\t\t\t\t<i class=\"fa fa-user\" aria-hidden=\"true\"><\/i> Presencial\t\t\t\t<\/div>\n<div class=\"col lg-2\">\n<h3>Cr\u00e9ditos ECTS<\/h3>\n<p><i class=\"fa fa-shield\"><\/i> 0.0 ECTS<\/p>\n<\/p><\/div>\n<div class=\"col lg-3\">\n<h3>Estado<\/h3>\n<p><i class=\"fa fa-cogs\" aria-hidden=\"true\"><\/i> Finalizado\t\t\t\t\t<\/p>\n<\/p><\/div>\n<\/p><\/div>\n<\/p><\/div>\n<p class=\"mb-2\"><a class=\"btn btn-outline-primary disabled\" style=\"text-transform:none!important\" href=\"xxxx\" target=\"_blank\">25 prazas<\/a><\/p>\n<\/p><\/div>\n<\/div>\n<p>&nbsp;<\/p>\n<h2>Descrici\u00f3n<\/h2>\n<p>Neste curso a actividade formativa busca fornecer&nbsp; nos co\u00f1ecementos e t\u00e9cnicas necesarias para a produci\u00f3n de v\u00eddeo e son dixital, a trav\u00e9s do emprego de ferramentas libres, de emprego sinxelo e multiplataforma (Windows, iOS e Linux) xunto a recursos de publicaci\u00f3n web e streaming\/videoconferecia. <\/p>\n<p>Durante a formaci\u00f3n afondarase nos fundamentos da imaxe e son dixital e na importancia da estrutura e gui\u00f3n na elaboraci\u00f3n de contidos audiuovisuais. Po\u00f1eranse en pr\u00e1ctica t\u00e9cnicas relacionadas coa edici\u00f3n de v\u00eddeo e son dixital, ademais de realizar pezas audiovisuais para colgar na web.<\/p>\n<p>&nbsp;<\/p>\n<div class=\"row\">\n<div class=\"col-lg-6\">\n<p class=\"header-list\">Director\/a:<\/p>\n<p>Luis Pena Morandeira<\/p>\n<p class=\"header-list\">Tel\u00e9fono contacto:<\/p>\n<p>986 812035<\/p>\n<p class=\"header-list\">Email contacto:<\/p>\n<p>cpfp.innovacion@uvigo.gal<\/p>\n<p class=\"header-list\">Entidade organizadora:<\/p>\n<p>Centro de Posgrado y Formaci\u00f3n Permanente<\/p>\n<\/p><\/div>\n<div class=\"col-lg-6\">\n<div class=\"card\">\n<div class=\"card-body\">\n<p style=\"color:#dc3545\" class=\"header-list\">PER\u00cdODO DE INSCRICI\u00d3N<br \/>\n\t\t\t<small>Inscrici\u00f3n pechada<\/small><br \/>\n\t\t\t01\/07\/2025 &#8211; 08\/07\/2025<\/p>\n<p><\/p>\n<hr \/>\n<p style=\"color:#dc3545\" class=\"header-list\">PER\u00cdODO DE MATR\u00cdCULA<br \/>\n\t\t\t<small>Matr\u00edcula pechada<\/small><br \/>\n\t\t\t02\/07\/2025 &#8211; 09\/07\/2025<\/p>\n<\/p><\/div>\n<\/p><\/div>\n<p><\/p>\n<p class=\"mb-2\"><a class=\"btn btn-primary btn-icon disabled\" style=\"text-transform:none!important\" href=\"https:\/\/secretaria.uvigo.gal\/uvigo.sv\/index.php?modulo=portalAcademico\" target=\"_blank\" rel=\"noopener noreferrer\">Matr\u00edcula pechada<\/a><\/p>\n<\/p><\/div>\n<\/div>\n<p>&nbsp;<\/p>\n<p>&nbsp;<\/p>\n<h2>Modalidade<\/h2>\n<div class=\"card\">\n<div class=\"row\">\n<div class=\"col lg-6\">\n<div class=\"card-body\">\n<h3 class=\"card-title\">Docencia presencial\/virtual<\/h3>\n<p style=\"color:green\"><i class=\"fa fa-check-square-o fa-3x\" aria-hidden=\"true\"><\/i><\/p>\n<p>15 horas<\/p>\n<\/p><\/div>\n<\/p><\/div>\n<div class=\"col lg-3\">\n<div class=\"card-body\">\n<h3 class=\"card-title\">Docencia non presencial<\/h3>\n<p><i class=\"fa fa-minus fa-3x\" aria-hidden=\"true\"><\/i><\/p>\n<p>0 horas<\/p>\n<\/p><\/div>\n<\/p><\/div>\n<div class=\"col lg-3\">\n<div class=\"card-body\">\n<h3 class=\"card-title\">Pr\u00e1cticas en empresa<\/h3>\n<p><i class=\"fa fa-minus fa-3x\" aria-hidden=\"true\"><\/i><\/p>\n<p>0 horas<\/p>\n<\/p><\/div>\n<\/p><\/div>\n<\/p><\/div>\n<div class=\"row\">\n<div class=\"col lg-12\">\n<div class=\"card-body\">\n<p><strong>Lugar de impartici\u00f3n<\/strong><\/p>\n<p class=\"MsoNormal\">Aula 2.8 do Edificio Campus Auga, Ourense<\/p>\n<\/p><\/div>\n<\/p><\/div>\n<\/p><\/div>\n<\/div>\n<p>&nbsp;<\/p>\n<h2>Horario<\/h2>\n<p>\t&nbsp;9, 10, 11, 14 e 16 de xullo  de 11:00 a 14 :00 horas<\/p>\n<p>&nbsp;<\/p>\n<p>&nbsp;<\/p>\n<h2>Destinatarios<\/h2>\n<p>Esta actividade est\u00e1 destinada ao profesorado da Universidade de Vigo. Ter\u00e1 preferencia o profesorado que estea no POD deste ano acad\u00e9mico.<\/p>\n<p>Se quedan prazas dispo\u00f1ibles poder\u00e1n participar outros perf\u00eds da Universidade de Vigo, baixo o criterio da \u00c1rea de Formaci\u00f3n e Innovaci\u00f3n Educativa.<\/p>\n<p>&nbsp;<\/p>\n<h2>Criterios de selecci\u00f3n<\/h2>\n<p><p>Ter\u00e1 preferencia o profesorado que estea no POD deste curso acad\u00e9mico.<\/p>\n<p>Orde de inscrici\u00f3n.<\/p>\n<p>Se quedan prazas dispo\u00f1ibles poder\u00e1n participar outros perf\u00eds da Universidade de Vigo, baixo o criterio da \u00c1rea de Formaci\u00f3n e Innovaci\u00f3n Educativa.<\/p>\n<p>&nbsp;<\/p>\n<h2>Metodolox\u00eda<\/h2>\n<p><div>Tema 1: Par\u00e1metros b\u00e1sicos da imaxe e son dixital. Equipos de baixo orzamento para gravaci\u00f3n de v\u00eddeo.<\/div>\n<div>Tema 2: Estructura e gui\u00f3n de v\u00eddeos docentes e divulgativos.<\/div>\n<div>Tema 3: Software OBS (Windows\/Linux\/macOS): gravaci\u00f3n, c\u00e1mara virtual e streaming.<\/div>\n<div>Tema 4: Software Kdenlive (Windows\/Linux): edici\u00f3n e postproducci\u00f3n b\u00e1sica de v\u00eddeo.<\/div>\n<div>Tema 5: Plataformas de publicaci\u00f3n de v\u00eddeos VoD (baixo demanda), streaming web e videoconferencia; tanto da Universidade de Vigo como externas.<\/div>\n<div>Tema 6: Bancos de recursos gr\u00e1ficos, de v\u00eddeo e son, de emprego libre.<\/div>\n<\/p>\n<p>&nbsp;<\/p>\n<h2>Profesorado<\/h2>\n<p>Luis Pena Morandeira<\/p>\n<p>&nbsp;<\/p>\n<h2>Avaliaci\u00f3n<\/h2>\n<p><div>Asistencia m\u00ednima requerida \u00f3 80% das sesi\u00f3ns.<\/div>\n<div><\/div>\n<div> <\/div>\n<div>D\u00faas actividades:&nbsp;<\/div>\n<div> V\u00eddeo 1: realizado con OBS, duraci\u00f3n m\u00ednima de 30 segundos.<\/div>\n<div>V\u00eddeo 2: realizado con OpenShot duraci\u00f3n m\u00ednima 30 segundos.<\/div>\n<\/p>\n<p>&nbsp;<\/p>\n","protected":false},"featured_media":0,"parent":0,"template":"","meta":{"_monsterinsights_skip_tracking":false,"_monsterinsights_sitenote_active":false,"_monsterinsights_sitenote_note":"","_monsterinsights_sitenote_category":0},"class_list":["post-300928","sigma_course","type-sigma_course","status-publish","hentry"],"_links":{"self":[{"href":"https:\/\/cpfp.uvigo.gal\/gl\/wp-json\/wp\/v2\/sigma_course\/300928","targetHints":{"allow":["GET"]}}],"collection":[{"href":"https:\/\/cpfp.uvigo.gal\/gl\/wp-json\/wp\/v2\/sigma_course"}],"about":[{"href":"https:\/\/cpfp.uvigo.gal\/gl\/wp-json\/wp\/v2\/types\/sigma_course"}],"wp:attachment":[{"href":"https:\/\/cpfp.uvigo.gal\/gl\/wp-json\/wp\/v2\/media?parent=300928"}],"curies":[{"name":"wp","href":"https:\/\/api.w.org\/{rel}","templated":true}]}}