
{"id":300931,"date":"2025-07-04T13:47:04","date_gmt":"2025-07-04T11:47:04","guid":{"rendered":"https:\/\/cpfp.uvigo.gal\/estudos\/titulos-propios\/id1209-1\/"},"modified":"2025-07-04T13:47:04","modified_gmt":"2025-07-04T11:47:04","slug":"id1209-1","status":"publish","type":"sigma_course","link":"https:\/\/cpfp.uvigo.gal\/gl\/estudos\/titulos-propios\/id1209-1\/","title":{"rendered":"Vibe coding con sentidi\u00f1o: empleo de ferramientas IA xenerativa no desenvolvemento de software. Campus Auga"},"content":{"rendered":"<div class=\"entry-thumbnail\">\n<p><img decoding=\"async\" src=\"https:\/\/cpfp.uvigo.gal\/wp-content\/plugins\/uvigo-sigma-courses\/public\/images\/1209-1.jpg\" alt=\"Vibe coding con sentidi\u00f1o: empleo de ferramientas IA xenerativa no desenvolvemento de software. Campus Auga\" class=\"img-fluid\"><\/p>\n<\/div>\n<div class=\"row\">\n<div class=\"col-lg-12\">\n<h3>Programas de formaci\u00f3n permanente do profesorado<\/h3>\n<p class=\"header-list\">\u00c1mbito: Interdisciplinar<span class=\"pull-right\">C\u00f3digo: TCS:1209\/1<\/span><br \/>\n\t\t\u00c1rea de interese principal: Transversal | \u00c1rea de interese secundaria: Transversal<\/p>\n<div class=\"custom-block graylight\">\n<div class=\"row\">\n<div class=\"col lg-4\">\n<h3>Inicio e fin<\/h3>\n<p><i class=\"fa fa-calendar\"><\/i> 15\/07\/2025 &#8211; 17\/07\/2025 <\/p>\n<\/p><\/div>\n<div class=\"col lg-3\">\n<h3>Modalidade<\/h3>\n<p>\t\t\t\t\t\t<i class=\"fa fa-user\" aria-hidden=\"true\"><\/i> Presencial\t\t\t\t<\/div>\n<div class=\"col lg-2\">\n<h3>Cr\u00e9ditos ECTS<\/h3>\n<p><i class=\"fa fa-shield\"><\/i> 0.0 ECTS<\/p>\n<\/p><\/div>\n<div class=\"col lg-3\">\n<h3>Estado<\/h3>\n<p><i class=\"fa fa-cogs\" aria-hidden=\"true\"><\/i> Finalizado\t\t\t\t\t<\/p>\n<\/p><\/div>\n<\/p><\/div>\n<\/p><\/div>\n<p class=\"mb-2\"><a class=\"btn btn-outline-primary disabled\" style=\"text-transform:none!important\" href=\"xxxx\" target=\"_blank\">20 prazas<\/a><\/p>\n<\/p><\/div>\n<\/div>\n<p>&nbsp;<\/p>\n<h2>Descrici\u00f3n<\/h2>\n<p>As intelixencias artificiais (IAs) xerativas est\u00e1n transformando o desenvolvemento de software de xeito que os programadores xa non escriben c\u00f3digo por si s\u00f3s, se non que o fan colaborando con estas IAs. M\u00e1is al\u00e1 da concepci\u00f3n inicial de vibe coding, en que un pod\u00eda esquecer o c\u00f3digo e iterar sobre o resultado final (programar sen programar), o certo \u00e9 que estas tecnolox\u00edas poden ser de gran axuda en t\u00f3dalas fases do desenvolvemento de software, desde a captura de requisitos \u00e1s probas, pasando por dese\u00f1o e implementaci\u00f3n (c\u00f3digo). Este curso ten como obxectivo capacitar ao profesorado universitario no uso da programaci\u00f3n asistida por IA, entendida como unha colaboraci\u00f3n intelixente entre a persoa programadora e o modelo, mantendo sempre o control, o razoamento e a comprensi\u00f3n do c\u00f3digo.<\/p>\n<p>&nbsp;<\/p>\n<div class=\"row\">\n<div class=\"col-lg-6\">\n<p class=\"header-list\">Tel\u00e9fono contacto:<\/p>\n<p>986812035<\/p>\n<p class=\"header-list\">Email contacto:<\/p>\n<p>cpfp.innovacion@uvigo.gal<\/p>\n<p class=\"header-list\">Entidade organizadora:<\/p>\n<p>Centro de Posgrado y Formaci\u00f3n Permanente<\/p>\n<\/p><\/div>\n<div class=\"col-lg-6\">\n<div class=\"card\">\n<div class=\"card-body\">\n<p style=\"color:#dc3545\" class=\"header-list\">PER\u00cdODO DE INSCRICI\u00d3N<br \/>\n\t\t\t<small>Inscrici\u00f3n pechada<\/small><br \/>\n\t\t\t07\/07\/2025 &#8211; 13\/07\/2025<\/p>\n<p><\/p>\n<hr \/>\n<p style=\"color:#dc3545\" class=\"header-list\">PER\u00cdODO DE MATR\u00cdCULA<br \/>\n\t\t\t<small>Matr\u00edcula pechada<\/small><br \/>\n\t\t\t08\/07\/2025 &#8211; 14\/07\/2025<\/p>\n<\/p><\/div>\n<\/p><\/div>\n<p><\/p>\n<p class=\"mb-2\"><a class=\"btn btn-primary btn-icon disabled\" style=\"text-transform:none!important\" href=\"https:\/\/secretaria.uvigo.gal\/uvigo.sv\/index.php?modulo=portalAcademico\" target=\"_blank\" rel=\"noopener noreferrer\">Matr\u00edcula pechada<\/a><\/p>\n<\/p><\/div>\n<\/div>\n<p>&nbsp;<\/p>\n<p>&nbsp;<\/p>\n<h2>Modalidade<\/h2>\n<div class=\"card\">\n<div class=\"row\">\n<div class=\"col lg-6\">\n<div class=\"card-body\">\n<h3 class=\"card-title\">Docencia presencial\/virtual<\/h3>\n<p style=\"color:green\"><i class=\"fa fa-check-square-o fa-3x\" aria-hidden=\"true\"><\/i><\/p>\n<p>9 horas<\/p>\n<\/p><\/div>\n<\/p><\/div>\n<div class=\"col lg-3\">\n<div class=\"card-body\">\n<h3 class=\"card-title\">Docencia non presencial<\/h3>\n<p><i class=\"fa fa-minus fa-3x\" aria-hidden=\"true\"><\/i><\/p>\n<p>0 horas<\/p>\n<\/p><\/div>\n<\/p><\/div>\n<div class=\"col lg-3\">\n<div class=\"card-body\">\n<h3 class=\"card-title\">Pr\u00e1cticas en empresa<\/h3>\n<p><i class=\"fa fa-minus fa-3x\" aria-hidden=\"true\"><\/i><\/p>\n<p>0 horas<\/p>\n<\/p><\/div>\n<\/p><\/div>\n<\/p><\/div>\n<div class=\"row\">\n<div class=\"col lg-12\">\n<div class=\"card-body\">\n<p><strong>Lugar de impartici\u00f3n<\/strong><br \/>\nAula S06 (Soto planta -1) do Edificio Polit\u00e9cnico. Campus Auga. Ourense\t<\/div>\n<\/p><\/div>\n<\/p><\/div>\n<\/div>\n<p>&nbsp;<\/p>\n<h2>Horario<\/h2>\n<p>\t15, 16 e 17 de xullo de 10.00 a 13.00 horas<\/p>\n<p>&nbsp;<\/p>\n<p>&nbsp;<\/p>\n<h2>Obxectivos<\/h2>\n<p>&#8211; Desmitificar o vibe coding e redefinir o enfoque cara unha programaci\u00f3n asistida, comprensiva e responsable.<\/p>\n<p>&#8211; Familiarizar o profesorado cunha contorna de desenvolvemento moderna baseada en IA.<\/p>\n<p>&#8211; Capacitar ao profesorado universitario no uso da programaci\u00f3n asistida por IA.<\/p>\n<p>&#8211; Ensinar estratexias de desenvolvemento de software empregando IAs xerativas sen perder o control do c\u00f3digo.<\/p>\n<p>&#8211; Reflexionar sobre o papel da IA na aula e como guiar ao alumnado cara a un uso cr\u00edtico e creativo destas ferramentas.<\/p>\n<p>&nbsp;<\/p>\n<h2>Destinatarios<\/h2>\n<p>\tEsta actividade est\u00e1 destinada ao profesorado da Universidade de Vigo. Ter\u00e1 preferencia o profesorado que estea no POD deste ano acad\u00e9mico. Ter\u00e1 preferencia o profesorado de Ourense ao ser unha actividade formativa financiada polo Campus Auga. Se quedan prazas dispo\u00f1ibles poder\u00e1n participar outros perf\u00eds da Universidade de Vigo, baixo o criterio da \u00c1rea de Formaci\u00f3n e Innovaci\u00f3n Educativa.\t<\/p>\n<p>&nbsp;<\/p>\n<h2>Condici\u00f3ns de acceso<\/h2>\n<p>\tSer profesorado da Universidade de Vigo.\t<\/p>\n<p>&nbsp;<\/p>\n<h2>Criterios de selecci\u00f3n<\/h2>\n<p><p>Ter\u00e1 preferencia o profesorado que estea no POD deste curso acad\u00e9mico. Tambi\u00e9n ter\u00e1 preferencia o profesorado do Campus Ourense. Orde de inscrici\u00f3n.<\/p>\n<p>Se quedan prazas dispo\u00f1ibles poder\u00e1n participar outros perf\u00eds da Universidade de Vigo, baixo o criterio da \u00c1rea de Formaci\u00f3n e Innovaci\u00f3n Educativa.<\/p>\n<p>&nbsp;<\/p>\n<h2>Metodolox\u00eda<\/h2>\n<p>No informada<\/p>\n<p>&nbsp;<\/p>\n<h2>Avaliaci\u00f3n<\/h2>\n<p>Asistencia ao 80% das sesi\u00f3ns presenciais. A actividade proposta consiste no desenvolvemento dun miniproxecto empregando IAs xerativas sobre unha tem\u00e1tica a escoller.<\/p>\n<p>&nbsp;<\/p>\n","protected":false},"featured_media":0,"parent":0,"template":"","meta":{"_monsterinsights_skip_tracking":false,"_monsterinsights_sitenote_active":false,"_monsterinsights_sitenote_note":"","_monsterinsights_sitenote_category":0},"class_list":["post-300931","sigma_course","type-sigma_course","status-publish","hentry"],"_links":{"self":[{"href":"https:\/\/cpfp.uvigo.gal\/gl\/wp-json\/wp\/v2\/sigma_course\/300931","targetHints":{"allow":["GET"]}}],"collection":[{"href":"https:\/\/cpfp.uvigo.gal\/gl\/wp-json\/wp\/v2\/sigma_course"}],"about":[{"href":"https:\/\/cpfp.uvigo.gal\/gl\/wp-json\/wp\/v2\/types\/sigma_course"}],"wp:attachment":[{"href":"https:\/\/cpfp.uvigo.gal\/gl\/wp-json\/wp\/v2\/media?parent=300931"}],"curies":[{"name":"wp","href":"https:\/\/api.w.org\/{rel}","templated":true}]}}