
{"id":301123,"date":"2026-03-16T09:15:20","date_gmt":"2026-03-16T08:15:20","guid":{"rendered":"https:\/\/cpfp.uvigo.gal\/estudos\/titulos-propios\/id1295-1\/"},"modified":"2026-03-16T09:15:20","modified_gmt":"2026-03-16T08:15:20","slug":"id1295-1","status":"publish","type":"sigma_course","link":"https:\/\/cpfp.uvigo.gal\/gl\/estudos\/titulos-propios\/id1295-1\/","title":{"rendered":"Captura e edici\u00f3n de v\u00eddeo con OBS Studio e Shotcut (CIXUG)"},"content":{"rendered":"<div class=\"entry-thumbnail\">\n<p><img decoding=\"async\" src=\"https:\/\/cpfp.uvigo.gal\/wp-content\/plugins\/uvigo-sigma-courses\/public\/images\/1295-1.jpg\" alt=\"Captura e edici\u00f3n de v\u00eddeo con OBS Studio e Shotcut (CIXUG)\" class=\"img-fluid\"><\/p>\n<\/div>\n<div class=\"row\">\n<div class=\"col-lg-12\">\n<h3>Programas de formaci\u00f3n permanente do profesorado<\/h3>\n<p class=\"header-list\">\u00c1mbito: Interdisciplinar<span class=\"pull-right\">C\u00f3digo: TCS:1295\/1<\/span><br \/>\n\t\t\u00c1rea de interese principal: Transversal | \u00c1rea de interese secundaria: Transversal<\/p>\n<div class=\"custom-block graylight\">\n<div class=\"row\">\n<div class=\"col lg-4\">\n<h3>Inicio e fin<\/h3>\n<p><i class=\"fa fa-calendar\"><\/i> 24\/03\/2026 &#8211; 07\/05\/2026 <\/p>\n<\/p><\/div>\n<div class=\"col lg-3\">\n<h3>Modalidade<\/h3>\n<p>\t\t\t\t\t\t<i class=\"fa fa-laptop\" aria-hidden=\"true\"><\/i> As\u00edncrona (en li\u00f1a)\t\t\t\t<\/div>\n<div class=\"col lg-2\">\n<h3>Cr\u00e9ditos ECTS<\/h3>\n<p><i class=\"fa fa-shield\"><\/i> 0.0 ECTS<\/p>\n<\/p><\/div>\n<div class=\"col lg-3\">\n<h3>Estado<\/h3>\n<p><i class=\"fa fa-cogs\" aria-hidden=\"true\"><\/i> En curso\t\t\t\t\t<\/p>\n<\/p><\/div>\n<\/p><\/div>\n<\/p><\/div>\n<p class=\"mb-2\"><a class=\"btn btn-outline-primary disabled\" style=\"text-transform:none!important\" href=\"xxxx\" target=\"_blank\">5 prazas<\/a><\/p>\n<\/p><\/div>\n<\/div>\n<p>&nbsp;<\/p>\n<h2>Descrici\u00f3n<\/h2>\n<p>No contexto educativo actual, a capacidade de crear contido multimedia de alta calidade \u00e9 unha interesante opci\u00f3n para transmitir e reforzar conceptos para o alumnado, tanto universitario como doutras etapas educativas. Coa finalidade de capacitar na produci\u00f3n dos seus propios v\u00eddeos educativos, dese\u00f1ouse este curso de captura e edici\u00f3n de v\u00eddeo utilizando software libre. Este curso proporcionar\u00e1 aos participantes as habilidades b\u00e1sicas necesarias para gravar, editar e producir v\u00eddeos que enriquecer\u00e1n as s\u00faas \u00e1reas educativas e\/ou administrativas e facilitar\u00e1n a aprendizaxe dos seus estudantes e compa\u00f1eiros de \u00e1rea. <\/p>\n<p>A captura de v\u00eddeo \u00e9 o primeiro paso na creaci\u00f3n de contido multimedia. Neste curso empregarase unha completa ferramenta de captura de v\u00eddeo que poder\u00e1 usar diversas fontes (diferentes pantallas, c\u00e1maras web, micr\u00f3fono&#8230;), combinar esas fontes e establecer diferentes escenarios intercambiables. O curso centrarase no uso da ferramenta de software libre OBS Studio, amplamente empregado entre os creadores de contidos multimedia.Unha vez capturado o v\u00eddeo, o seguinte paso \u00e9 a edici\u00f3n. Este proceso incl\u00fae a organizaci\u00f3n de clips, a adici\u00f3n de efectos visuais e sonoros, e a exportaci\u00f3n do produto final nun formato adecuado. Centrarase tam\u00e9n no uso da ferramenta de software libre Shotcut, ofrecendo unha gu\u00eda detallada sobre como utilizar esta ferramenta para crear v\u00eddeos atractivos e profesionais.<\/p>\n<p>&nbsp;<\/p>\n<div class=\"row\">\n<div class=\"col-lg-6\">\n<p class=\"header-list\">Tel\u00e9fono contacto:<\/p>\n<p>986812035<\/p>\n<p class=\"header-list\">Email contacto:<\/p>\n<p>cpfp.innovacion@uvigo.gal<\/p>\n<p class=\"header-list\">Entidade organizadora:<\/p>\n<p>Centro de Posgrado y Formaci\u00f3n Permanente e CIXUG<\/p>\n<\/p><\/div>\n<div class=\"col-lg-6\">\n<div class=\"card\">\n<div class=\"card-body\">\n<p style=\"color:#dc3545\" class=\"header-list\">PER\u00cdODO DE INSCRICI\u00d3N<br \/>\n\t\t\t<small>Inscrici\u00f3n pechada<\/small><br \/>\n\t\t\t16\/03\/2026 &#8211; 17\/03\/2026<\/p>\n<p><\/p>\n<hr \/>\n<p style=\"color:#dc3545\" class=\"header-list\">PER\u00cdODO DE MATR\u00cdCULA<br \/>\n\t\t\t<small>Matr\u00edcula pechada<\/small><br \/>\n\t\t\t16\/03\/2026 &#8211; 18\/03\/2026<\/p>\n<\/p><\/div>\n<\/p><\/div>\n<p><\/p>\n<p class=\"mb-2\"><a class=\"btn btn-primary btn-icon disabled\" style=\"text-transform:none!important\" href=\"https:\/\/secretaria.uvigo.gal\/uvigo.sv\/index.php?modulo=portalAcademico\" target=\"_blank\" rel=\"noopener noreferrer\">Matr\u00edcula pechada<\/a><\/p>\n<\/p><\/div>\n<\/div>\n<p>&nbsp;<\/p>\n<p>&nbsp;<\/p>\n<h2>Modalidade<\/h2>\n<div class=\"card\">\n<div class=\"row\">\n<div class=\"col lg-6\">\n<div class=\"card-body\">\n<h3 class=\"card-title\">Docencia presencial\/virtual<\/h3>\n<p style=\"color:green\"><i class=\"fa fa-check-square-o fa-3x\" aria-hidden=\"true\"><\/i><\/p>\n<p>24 horas<\/p>\n<\/p><\/div>\n<\/p><\/div>\n<div class=\"col lg-3\">\n<div class=\"card-body\">\n<h3 class=\"card-title\">Docencia non presencial<\/h3>\n<p><i class=\"fa fa-minus fa-3x\" aria-hidden=\"true\"><\/i><\/p>\n<p>0 horas<\/p>\n<\/p><\/div>\n<\/p><\/div>\n<div class=\"col lg-3\">\n<div class=\"card-body\">\n<h3 class=\"card-title\">Pr\u00e1cticas en empresa<\/h3>\n<p><i class=\"fa fa-minus fa-3x\" aria-hidden=\"true\"><\/i><\/p>\n<p>0 horas<\/p>\n<\/p><\/div>\n<\/p><\/div>\n<\/p><\/div>\n<div class=\"row\">\n<div class=\"col lg-12\">\n<div class=\"card-body\">\n<p><strong>Lugar de impartici\u00f3n<\/strong><br \/>\nAula virtual do CIXUG: https:\/\/formar.cixug.gal\/\t<\/div>\n<\/p><\/div>\n<\/p><\/div>\n<\/div>\n<p>&nbsp;<\/p>\n<h2>Horario<\/h2>\n<p>\tPor definir<\/p>\n<p>&nbsp;<\/p>\n<p>&nbsp;<\/p>\n<h2>Obxectivos<\/h2>\n<p>\tCon este curso pers\u00e9guese capacitar aos participantes na produci\u00f3n de v\u00eddeos educativos, proporcionando aos participantes as habilidades b\u00e1sicas necesarias para gravar, editar e producir v\u00eddeos que enriquecer\u00e1n as s\u00faas \u00e1reas educativas e\/ou administrativas e facilitar\u00e1n a aprendizaxe dos seus estudantes e compa\u00f1eiros de \u00e1rea.\t<\/p>\n<p>&nbsp;<\/p>\n<h2>Destinatarios<\/h2>\n<p>\tPDI da UVIGO\t<\/p>\n<p>&nbsp;<\/p>\n<h2>Competencias Espec\u00edficas<\/h2>\n<p>Ao finalizar o curso as persoas participantes:<\/p>\n<p>1. Co\u00f1ecer\u00e1 os principais sistemas e modelos que fundamentan os sistemas captura e gravaci\u00f3n de v\u00eddeo dixital de escritorio.<\/p>\n<p>2. Obter\u00e1 co\u00f1ecementos e habilidades no uso de ferramentas dixitais para a gravaci\u00f3n e emisi\u00f3n de v\u00eddeo.<\/p>\n<p>3. Localizar\u00e1 e obter\u00e1 recursos dixitais de forma \u00e9tica e legal para complementar as s\u00faas composici\u00f3ns multimedia.<\/p>\n<p>4. Crear\u00e1 un dese\u00f1o para a gravaci\u00f3n do escritorio, combinando elementos como pantallas, c\u00e1maras web, imaxes, texto&#8230;<\/p>\n<p>5. Co\u00f1ecer\u00e1 os diferentes modos e estilos de gravaci\u00f3n e configurar\u00e1 as contornas de gravaci\u00f3n en funci\u00f3n do modo elixido.<\/p>\n<p>6. Proceder\u00e1 e controlar\u00e1 \u00e1 gravaci\u00f3n, como configurar par\u00e1metros de gravaci\u00f3n tanto de forma simple como avanzada.<\/p>\n<p>7. Distinguir\u00e1 a edici\u00f3n lineal e a non lineal e co\u00f1ecer\u00e1 diferentes alternativas de editores de v\u00eddeo.<\/p>\n<p>8. Crear\u00e1 proxectos de edici\u00f3n, engadir\u00e1 recursos multimedia a un proxecto, dividir\u00e1 e recortar\u00e1 v\u00eddeos, reordenar\u00e1 diferentes partes dun v\u00eddeo e exportar\u00e1 e gardar\u00e1 nun formato reproducible.<\/p>\n<p>9. Inserir\u00e1 e configurar\u00e1 transici\u00f3ns entre recursos multimedia, xestionar\u00e1 varias pistas multimedia e integrara as no proxecto.<\/p>\n<p>10. Engadir\u00e1 filtros e efectos de v\u00eddeo, de son, texto e cr\u00e9ditos aos proxectos de edici\u00f3n de v\u00eddeo.<\/p>\n<p>&nbsp;<\/p>\n<h2>Condici\u00f3ns de acceso<\/h2>\n<p>Por orde de preinscrici\u00f3n<\/p>\n<p>Para aproveitar ao m\u00e1ximo este curso, recom\u00e9ndase contar cunha c\u00e1mara web integrada ou externa, un micr\u00f3fono externo ou no seu defecto, o propio micr\u00f3fono do ordenador, e, un ordenador con suficiente capacidade de procesamento e almacenamento.<\/p>\n<p>&nbsp;<\/p>\n<h2>Metodolox\u00eda<\/h2>\n<div>\n<div>O curso, que vai dirixido a todo usuario con traballo ofim\u00e1tico e transmisor de informaci\u00f3n con intereses na captura e edici\u00f3n de v\u00eddeo para compartilo a trav\u00e9s de aulas virtuais e plataformas de v\u00eddeo e streaming, \u00e9 eminentemente pr\u00e1ctico. Comezarase con tarefas b\u00e1sicas de configuraci\u00f3n das ferramentas empregadas, adaptaci\u00f3n das contornas de traballo, capturas\/edici\u00f3ns sinxelas&#8230; para logo ir aumentando paulatinamente complexidade dos traballos para conseguir resultados m\u00e1is interesantes e logrados<\/div>\n<div><\/div>\n<div>Como complemento e para dar un maior apoio ao alumno, solucionando d\u00fabidas as\u00ed como outros aspectos e din\u00e1micas, utilizaranse foros e mensaxer\u00eda privada, adem\u00e1is, realizaranse 4 videoconferencias voluntarias de aproximadamente 1 hora de duraci\u00f3n, a trav\u00e9s da plataforma Zoom.<\/div>\n<div><\/div>\n<div>Temario:&nbsp;<\/div>\n<\/div>\n<div><\/div>\n<div>Interface e configuraci\u00f3n do SW de captura<\/div>\n<ul class=\"list-peak\" style=\"margin-top:10px\">\n<li>Software libre e software non libre<\/li>\n<li>Conceptos b\u00e1sicos<\/li>\n<li>Software de captura e edici\u00f3n de v\u00eddeo<\/li>\n<li>Obter recursos libres<\/li>\n<\/ul>\n<div>Captura de v\u00eddeo<\/div>\n<ul class=\"list-peak\" style=\"margin-top:10px\">\n<li>Transici\u00f3ns<\/li>\n<li>Modos de gravaci\u00f3n<\/li>\n<li>Teclas r\u00e1pidas<\/li>\n<li>Gravando<\/li>\n<\/ul>\n<div>Edici\u00f3n de v\u00eddeo<\/div>\n<ul class=\"list-peak\" style=\"margin-top:10px\">\n<li>Introduci\u00f3n a edici\u00f3n de v\u00eddeo<\/li>\n<li>SW de edici\u00f3n de v\u00eddeo<\/li>\n<\/ul>\n<div>Edici\u00f3n de v\u00eddeo avanzado<\/div>\n<ul class=\"list-peak\" style=\"margin-top:10px\">\n<li>Transici\u00f3ns<\/li>\n<li>Multipista<\/li>\n<li>Fotogramas clave<\/li>\n<li>Exportaci\u00f3n<\/li>\n<li>Atallos de teclado<\/li>\n<\/ul>\n<p>&nbsp;<\/p>\n<h2>Profesorado<\/h2>\n<p>\u00d3scar Fern\u00e1ndez Carballo<\/p>\n<p>&nbsp;<\/p>\n<h2>Titulaci\u00f3n<\/h2>\n<p>Curso en Captura e edici\u00f3n de v\u00eddeo con OBS Studio e Shotcut (CIXUG)<\/p>\n<p>&nbsp;<\/p>\n<div class=\"custom-block graylight\">\n<h3>M\u00e1is informaci\u00f3n<\/h3>\n<p><a href=\"https:\/\/www.cixug.gal\/cursos\/2026-cxg-captura-edicion-video\/\" target=\"_blank\">https:\/\/www.cixug.gal\/cursos\/2026-cxg-captura-edicion-video\/<\/a><\/p>\n<\/p><\/div>\n","protected":false},"featured_media":0,"parent":0,"template":"","meta":{"_monsterinsights_skip_tracking":false,"_monsterinsights_sitenote_active":false,"_monsterinsights_sitenote_note":"","_monsterinsights_sitenote_category":0},"class_list":["post-301123","sigma_course","type-sigma_course","status-publish","hentry"],"_links":{"self":[{"href":"https:\/\/cpfp.uvigo.gal\/gl\/wp-json\/wp\/v2\/sigma_course\/301123","targetHints":{"allow":["GET"]}}],"collection":[{"href":"https:\/\/cpfp.uvigo.gal\/gl\/wp-json\/wp\/v2\/sigma_course"}],"about":[{"href":"https:\/\/cpfp.uvigo.gal\/gl\/wp-json\/wp\/v2\/types\/sigma_course"}],"wp:attachment":[{"href":"https:\/\/cpfp.uvigo.gal\/gl\/wp-json\/wp\/v2\/media?parent=301123"}],"curies":[{"name":"wp","href":"https:\/\/api.w.org\/{rel}","templated":true}]}}